{"id":7980,"date":"2025-12-23T14:08:42","date_gmt":"2025-12-23T14:08:42","guid":{"rendered":"https:\/\/www.worldpadelnetwork.com\/calendario-premier-padel-2026\/"},"modified":"2026-03-22T16:22:55","modified_gmt":"2026-03-22T16:22:55","slug":"calendario-premier-padel-2026","status":"publish","type":"page","link":"https:\/\/www.worldpadelnetwork.com\/es\/calendario-premier-padel-2026\/","title":{"rendered":"Calendario Premier Padel 2026"},"content":{"rendered":"\t\t<div data-elementor-type=\"wp-page\" data-elementor-id=\"7980\" class=\"elementor elementor-7980 elementor-7632\" data-elementor-post-type=\"page\">\n\t\t\t\t<div class=\"elementor-element elementor-element-b4341f7 e-flex e-con-boxed e-con e-parent\" data-id=\"b4341f7\" data-element_type=\"container\" data-e-type=\"container\" data-settings=\"{&quot;jet_parallax_layout_list&quot;:[],&quot;background_background&quot;:&quot;classic&quot;}\">\n\t\t\t\t\t<div class=\"e-con-inner\">\n\t\t\t\t<div class=\"elementor-element elementor-element-b213fda elementor-widget elementor-widget-heading\" data-id=\"b213fda\" data-element_type=\"widget\" data-e-type=\"widget\" data-widget_type=\"heading.default\">\n\t\t\t\t<div class=\"elementor-widget-container\">\n\t\t\t\t\t<h2 class=\"elementor-heading-title elementor-size-default\">El calendario de la Premier Padel para 2026<\/h2>\t\t\t\t<\/div>\n\t\t\t\t<\/div>\n\t\t\t\t<div class=\"elementor-element elementor-element-27e8688 elementor-align-center elementor-widget elementor-widget-post-info\" data-id=\"27e8688\" data-element_type=\"widget\" data-e-type=\"widget\" data-widget_type=\"post-info.default\">\n\t\t\t\t<div class=\"elementor-widget-container\">\n\t\t\t\t\t\t\t<ul class=\"elementor-inline-items elementor-icon-list-items elementor-post-info\">\n\t\t\t\t\t\t\t\t<li class=\"elementor-icon-list-item elementor-repeater-item-cc73792 elementor-inline-item\">\n\t\t\t\t\t\t\t\t\t\t<span class=\"elementor-icon-list-icon\">\n\t\t\t\t\t\t\t\t<i aria-hidden=\"true\" class=\"far fa-tags\"><\/i>\t\t\t\t\t\t\t<\/span>\n\t\t\t\t\t\t\t\t\t<span class=\"elementor-icon-list-text elementor-post-info__item elementor-post-info__item--type-custom\">\n\t\t\t\t\t\t\t\t\t\t\u00daltima actualizaci\u00f3n:  marzo 22, 2026\t\t\t\t\t<\/span>\n\t\t\t\t\t\t\t\t<\/li>\n\t\t\t\t<li class=\"elementor-icon-list-item elementor-repeater-item-d6a8038 elementor-inline-item\">\n\t\t\t\t\t\t\t\t\t\t\t\t\t<span class=\"elementor-icon-list-text elementor-post-info__item elementor-post-info__item--type-custom\">\n\t\t\t\t\t\t\t\t\t\tPadel News\t\t\t\t\t<\/span>\n\t\t\t\t\t\t\t\t<\/li>\n\t\t\t\t<li class=\"elementor-icon-list-item elementor-repeater-item-2dd0d2e elementor-inline-item\">\n\t\t\t\t\t\t\t\t\t\t\t\t\t<span class=\"elementor-icon-list-text elementor-post-info__item elementor-post-info__item--type-custom\">\n\t\t\t\t\t\t\t\t\t\t5-min read\t\t\t\t\t<\/span>\n\t\t\t\t\t\t\t\t<\/li>\n\t\t\t\t<\/ul>\n\t\t\t\t\t\t<\/div>\n\t\t\t\t<\/div>\n\t\t\t\t<div class=\"elementor-element elementor-element-b1d14c1 elementor-widget elementor-widget-jet-table\" data-id=\"b1d14c1\" data-element_type=\"widget\" data-e-type=\"widget\" data-widget_type=\"jet-table.default\">\n\t\t\t\t<div class=\"elementor-widget-container\">\n\t\t\t\t\t<div class=\"elementor-jet-table jet-elements\">\n\t\t<div class=\"jet-table-wrapper jet-table-responsive-mobile\">\n\t\t\t<table class=\"jet-table jet-table--fa5-compat\">\n\t\t\t\t<thead class=\"jet-table__head\"><tr class=\"jet-table__head-row\"><th class=\"jet-table__cell elementor-repeater-item-89239ab jet-table__head-cell\" scope=\"col\"><div class=\"jet-table__cell-inner\"><div class=\"jet-table__cell-content\"><div class=\"jet-table__cell-text\">Pa\u00eds<\/div><\/div><\/div><\/th><th class=\"jet-table__cell elementor-repeater-item-d65bc82 jet-table__head-cell\" scope=\"col\"><div class=\"jet-table__cell-inner\"><div class=\"jet-table__cell-content\"><div class=\"jet-table__cell-text\">Torneo<\/div><\/div><\/div><\/th><th class=\"jet-table__cell elementor-repeater-item-6c48557 jet-table__head-cell\" scope=\"col\"><div class=\"jet-table__cell-inner\"><div class=\"jet-table__cell-content\"><div class=\"jet-table__cell-text\">Fechas<\/div><\/div><\/div><\/th><\/tr><\/thead>\n\t\t\t\t\t\t\t\t<tbody class=\"jet-table__body\"><tr class=\"jet-table__body-row elementor-repeater-item-90bf182\"><td class=\"jet-table__cell elementor-repeater-item-c8acc21 jet-table__body-cell\"><div class=\"jet-table__cell-inner\"><div class=\"jet-table__cell-content\"><div class=\"jet-table__cell-text\">Arabia Saud\u00ed<\/div><\/div><\/div><\/td><td class=\"jet-table__cell elementor-repeater-item-053ac6b jet-table__body-cell\"><div class=\"jet-table__cell-inner\"><div class=\"jet-table__cell-content\"><div class=\"jet-table__cell-text\">Riad Temporada P1<\/div><\/div><\/div><\/td><td class=\"jet-table__cell elementor-repeater-item-820bd83 jet-table__body-cell\"><div class=\"jet-table__cell-inner\"><div class=\"jet-table__cell-content\"><div class=\"jet-table__cell-text\">9 &#8211; 14 de febrero<\/div><\/div><\/div><\/td><\/tr><tr class=\"jet-table__body-row elementor-repeater-item-5a1007e\"><td class=\"jet-table__cell elementor-repeater-item-4c8ea32 jet-table__body-cell\"><div class=\"jet-table__cell-inner\"><div class=\"jet-table__cell-content\"><div class=\"jet-table__cell-text\">Espa\u00f1a<\/div><\/div><\/div><\/td><td class=\"jet-table__cell elementor-repeater-item-e9e7748 jet-table__body-cell\"><div class=\"jet-table__cell-inner\"><div class=\"jet-table__cell-content\"><div class=\"jet-table__cell-text\">Gij\u00f3n P2<\/div><\/div><\/div><\/td><td class=\"jet-table__cell elementor-repeater-item-916a0f3 jet-table__body-cell\"><div class=\"jet-table__cell-inner\"><div class=\"jet-table__cell-content\"><div class=\"jet-table__cell-text\">Del 2 al 8 de marzo<\/div><\/div><\/div><\/td><\/tr><tr class=\"jet-table__body-row elementor-repeater-item-e35d205\"><td class=\"jet-table__cell elementor-repeater-item-3e31637 jet-table__body-cell\"><div class=\"jet-table__cell-inner\"><div class=\"jet-table__cell-content\"><div class=\"jet-table__cell-text\">M\u00e9xico<\/div><\/div><\/div><\/td><td class=\"jet-table__cell elementor-repeater-item-2685321 jet-table__body-cell\"><div class=\"jet-table__cell-inner\"><div class=\"jet-table__cell-content\"><div class=\"jet-table__cell-text\">Canc\u00fan P2<\/div><\/div><\/div><\/td><td class=\"jet-table__cell elementor-repeater-item-5c83382 jet-table__body-cell\"><div class=\"jet-table__cell-inner\"><div class=\"jet-table__cell-content\"><div class=\"jet-table__cell-text\">Del 16 al 22 de marzo<\/div><\/div><\/div><\/td><\/tr><tr class=\"jet-table__body-row elementor-repeater-item-150e0ed\"><td class=\"jet-table__cell elementor-repeater-item-2db2563 jet-table__body-cell\"><div class=\"jet-table__cell-inner\"><div class=\"jet-table__cell-content\"><div class=\"jet-table__cell-text\">EE.UU.<\/div><\/div><\/div><\/td><td class=\"jet-table__cell elementor-repeater-item-fafa9b4 jet-table__body-cell\"><div class=\"jet-table__cell-inner\"><div class=\"jet-table__cell-content\"><div class=\"jet-table__cell-text\">Miami P1<\/div><\/div><\/div><\/td><td class=\"jet-table__cell elementor-repeater-item-5955c9a jet-table__body-cell\"><div class=\"jet-table__cell-inner\"><div class=\"jet-table__cell-content\"><div class=\"jet-table__cell-text\">23 &#8211; 29 de marzo<\/div><\/div><\/div><\/td><\/tr><tr class=\"jet-table__body-row elementor-repeater-item-68c85ee\"><td class=\"jet-table__cell elementor-repeater-item-44d6d17 jet-table__body-cell\"><div class=\"jet-table__cell-inner\"><div class=\"jet-table__cell-content\"><div class=\"jet-table__cell-text\">Qatar<\/div><\/div><\/div><\/td><td class=\"jet-table__cell elementor-repeater-item-7653bf2 jet-table__body-cell\"><div class=\"jet-table__cell-inner\"><div class=\"jet-table__cell-content\"><div class=\"jet-table__cell-text\">Qatar Mayor<\/div><\/div><\/div><\/td><td class=\"jet-table__cell elementor-repeater-item-ba35312 jet-table__body-cell\"><div class=\"jet-table__cell-inner\"><div class=\"jet-table__cell-content\"><div class=\"jet-table__cell-text\">*Postponed<\/div><\/div><\/div><\/td><\/tr><tr class=\"jet-table__body-row elementor-repeater-item-76b1a40\"><td class=\"jet-table__cell elementor-repeater-item-fe1b983 jet-table__body-cell\"><div class=\"jet-table__cell-inner\"><div class=\"jet-table__cell-content\"><div class=\"jet-table__cell-text\">Egipto<\/div><\/div><\/div><\/td><td class=\"jet-table__cell elementor-repeater-item-9ff4b98 jet-table__body-cell\"><div class=\"jet-table__cell-inner\"><div class=\"jet-table__cell-content\"><div class=\"jet-table__cell-text\">Newgiza P2<\/div><\/div><\/div><\/td><td class=\"jet-table__cell elementor-repeater-item-983437a jet-table__body-cell\"><div class=\"jet-table__cell-inner\"><div class=\"jet-table__cell-content\"><div class=\"jet-table__cell-text\">Del 13 al 18 de abril<\/div><\/div><\/div><\/td><\/tr><tr class=\"jet-table__body-row elementor-repeater-item-a127c40\"><td class=\"jet-table__cell elementor-repeater-item-a231cb7 jet-table__body-cell\"><div class=\"jet-table__cell-inner\"><div class=\"jet-table__cell-content\"><div class=\"jet-table__cell-text\">B\u00e9lgica<\/div><\/div><\/div><\/td><td class=\"jet-table__cell elementor-repeater-item-fb4fc78 jet-table__body-cell\"><div class=\"jet-table__cell-inner\"><div class=\"jet-table__cell-content\"><div class=\"jet-table__cell-text\">Bruselas P2<\/div><\/div><\/div><\/td><td class=\"jet-table__cell elementor-repeater-item-d166dc1 jet-table__body-cell\"><div class=\"jet-table__cell-inner\"><div class=\"jet-table__cell-content\"><div class=\"jet-table__cell-text\">20 &#8211; 26 de abril<\/div><\/div><\/div><\/td><\/tr><tr class=\"jet-table__body-row elementor-repeater-item-5ed4f8d\"><td class=\"jet-table__cell elementor-repeater-item-338091a jet-table__body-cell\"><div class=\"jet-table__cell-inner\"><div class=\"jet-table__cell-content\"><div class=\"jet-table__cell-text\">Paraguay<\/div><\/div><\/div><\/td><td class=\"jet-table__cell elementor-repeater-item-12fee0b jet-table__body-cell\"><div class=\"jet-table__cell-inner\"><div class=\"jet-table__cell-content\"><div class=\"jet-table__cell-text\">Asunci\u00f3n P2<\/div><\/div><\/div><\/td><td class=\"jet-table__cell elementor-repeater-item-06880a4 jet-table__body-cell\"><div class=\"jet-table__cell-inner\"><div class=\"jet-table__cell-content\"><div class=\"jet-table__cell-text\">Del 4 al 10 de mayo*.<\/div><\/div><\/div><\/td><\/tr><tr class=\"jet-table__body-row elementor-repeater-item-b98679b\"><td class=\"jet-table__cell elementor-repeater-item-cc60a8e jet-table__body-cell\"><div class=\"jet-table__cell-inner\"><div class=\"jet-table__cell-content\"><div class=\"jet-table__cell-text\">Argentina<\/div><\/div><\/div><\/td><td class=\"jet-table__cell elementor-repeater-item-98baa90 jet-table__body-cell\"><div class=\"jet-table__cell-inner\"><div class=\"jet-table__cell-content\"><div class=\"jet-table__cell-text\">Buenos Aires P1<\/div><\/div><\/div><\/td><td class=\"jet-table__cell elementor-repeater-item-78993a5 jet-table__body-cell\"><div class=\"jet-table__cell-inner\"><div class=\"jet-table__cell-content\"><div class=\"jet-table__cell-text\">11 &#8211; 17 de mayo<\/div><\/div><\/div><\/td><\/tr><tr class=\"jet-table__body-row elementor-repeater-item-306dbd1\"><td class=\"jet-table__cell elementor-repeater-item-9b9c151 jet-table__body-cell\"><div class=\"jet-table__cell-inner\"><div class=\"jet-table__cell-content\"><div class=\"jet-table__cell-text\">Italia<\/div><\/div><\/div><\/td><td class=\"jet-table__cell elementor-repeater-item-b0adb25 jet-table__body-cell\"><div class=\"jet-table__cell-inner\"><div class=\"jet-table__cell-content\"><div class=\"jet-table__cell-text\">Italia Mayor<\/div><\/div><\/div><\/td><td class=\"jet-table__cell elementor-repeater-item-437beed jet-table__body-cell\"><div class=\"jet-table__cell-inner\"><div class=\"jet-table__cell-content\"><div class=\"jet-table__cell-text\">Del 1 al 7 de junio<\/div><\/div><\/div><\/td><\/tr><tr class=\"jet-table__body-row elementor-repeater-item-600fbb2\"><td class=\"jet-table__cell elementor-repeater-item-20e8240 jet-table__body-cell\"><div class=\"jet-table__cell-inner\"><div class=\"jet-table__cell-content\"><div class=\"jet-table__cell-text\">Espa\u00f1a<\/div><\/div><\/div><\/td><td class=\"jet-table__cell elementor-repeater-item-c23b530 jet-table__body-cell\"><div class=\"jet-table__cell-inner\"><div class=\"jet-table__cell-content\"><div class=\"jet-table__cell-text\">Valencia P1<\/div><\/div><\/div><\/td><td class=\"jet-table__cell elementor-repeater-item-399266c jet-table__body-cell\"><div class=\"jet-table__cell-inner\"><div class=\"jet-table__cell-content\"><div class=\"jet-table__cell-text\">8 &#8211; 14 de junio<\/div><\/div><\/div><\/td><\/tr><tr class=\"jet-table__body-row elementor-repeater-item-6d06235\"><td class=\"jet-table__cell elementor-repeater-item-c1a6592 jet-table__body-cell\"><div class=\"jet-table__cell-inner\"><div class=\"jet-table__cell-content\"><div class=\"jet-table__cell-text\">Espa\u00f1a<\/div><\/div><\/div><\/td><td class=\"jet-table__cell elementor-repeater-item-4f8365c jet-table__body-cell\"><div class=\"jet-table__cell-inner\"><div class=\"jet-table__cell-content\"><div class=\"jet-table__cell-text\">Valladolid P2<\/div><\/div><\/div><\/td><td class=\"jet-table__cell elementor-repeater-item-1186533 jet-table__body-cell\"><div class=\"jet-table__cell-inner\"><div class=\"jet-table__cell-content\"><div class=\"jet-table__cell-text\">22 &#8211; 28 de junio<\/div><\/div><\/div><\/td><\/tr><tr class=\"jet-table__body-row elementor-repeater-item-edc40d6\"><td class=\"jet-table__cell elementor-repeater-item-7ae8cd0 jet-table__body-cell\"><div class=\"jet-table__cell-inner\"><div class=\"jet-table__cell-content\"><div class=\"jet-table__cell-text\">Francia<\/div><\/div><\/div><\/td><td class=\"jet-table__cell elementor-repeater-item-1824531 jet-table__body-cell\"><div class=\"jet-table__cell-inner\"><div class=\"jet-table__cell-content\"><div class=\"jet-table__cell-text\">Burdeos P2<\/div><\/div><\/div><\/td><td class=\"jet-table__cell elementor-repeater-item-501c8c6 jet-table__body-cell\"><div class=\"jet-table__cell-inner\"><div class=\"jet-table__cell-content\"><div class=\"jet-table__cell-text\">29 de junio &#8211; 5 de julio<\/div><\/div><\/div><\/td><\/tr><tr class=\"jet-table__body-row elementor-repeater-item-bbab4de\"><td class=\"jet-table__cell elementor-repeater-item-39cd15a jet-table__body-cell\"><div class=\"jet-table__cell-inner\"><div class=\"jet-table__cell-content\"><div class=\"jet-table__cell-text\">Espa\u00f1a<\/div><\/div><\/div><\/td><td class=\"jet-table__cell elementor-repeater-item-1112732 jet-table__body-cell\"><div class=\"jet-table__cell-inner\"><div class=\"jet-table__cell-content\"><div class=\"jet-table__cell-text\">M\u00e1laga P1<\/div><\/div><\/div><\/td><td class=\"jet-table__cell elementor-repeater-item-97cdcd7 jet-table__body-cell\"><div class=\"jet-table__cell-inner\"><div class=\"jet-table__cell-content\"><div class=\"jet-table__cell-text\">13 &#8211; 19 julio<\/div><\/div><\/div><\/td><\/tr><tr class=\"jet-table__body-row elementor-repeater-item-679795c\"><td class=\"jet-table__cell elementor-repeater-item-4398276 jet-table__body-cell\"><div class=\"jet-table__cell-inner\"><div class=\"jet-table__cell-content\"><div class=\"jet-table__cell-text\">Sud\u00e1frica<\/div><\/div><\/div><\/td><td class=\"jet-table__cell elementor-repeater-item-d0fd27e jet-table__body-cell\"><div class=\"jet-table__cell-inner\"><div class=\"jet-table__cell-content\"><div class=\"jet-table__cell-text\">Pretoria P2<\/div><\/div><\/div><\/td><td class=\"jet-table__cell elementor-repeater-item-2cde2f7 jet-table__body-cell\"><div class=\"jet-table__cell-inner\"><div class=\"jet-table__cell-content\"><div class=\"jet-table__cell-text\">27 de julio &#8211; 2 de agosto<\/div><\/div><\/div><\/td><\/tr><tr class=\"jet-table__body-row elementor-repeater-item-581fb14\"><td class=\"jet-table__cell elementor-repeater-item-a20fe3a jet-table__body-cell\"><div class=\"jet-table__cell-inner\"><div class=\"jet-table__cell-content\"><div class=\"jet-table__cell-text\">REINO UNIDO<\/div><\/div><\/div><\/td><td class=\"jet-table__cell elementor-repeater-item-984262c jet-table__body-cell\"><div class=\"jet-table__cell-inner\"><div class=\"jet-table__cell-content\"><div class=\"jet-table__cell-text\">Londres P1<\/div><\/div><\/div><\/td><td class=\"jet-table__cell elementor-repeater-item-68ea40a jet-table__body-cell\"><div class=\"jet-table__cell-inner\"><div class=\"jet-table__cell-content\"><div class=\"jet-table__cell-text\">Del 3 al 9 de agosto<\/div><\/div><\/div><\/td><\/tr><tr class=\"jet-table__body-row elementor-repeater-item-f428080\"><td class=\"jet-table__cell elementor-repeater-item-1997750 jet-table__body-cell\"><div class=\"jet-table__cell-inner\"><div class=\"jet-table__cell-content\"><div class=\"jet-table__cell-text\">Varios<\/div><\/div><\/div><\/td><td class=\"jet-table__cell elementor-repeater-item-f776b23 jet-table__body-cell\"><div class=\"jet-table__cell-inner\"><div class=\"jet-table__cell-content\"><div class=\"jet-table__cell-text\">Juegos Mediterr\u00e1neos<\/div><\/div><\/div><\/td><td class=\"jet-table__cell elementor-repeater-item-b9bc70a jet-table__body-cell\"><div class=\"jet-table__cell-inner\"><div class=\"jet-table__cell-content\"><div class=\"jet-table__cell-text\">Del 24 al 30 de agosto<\/div><\/div><\/div><\/td><\/tr><tr class=\"jet-table__body-row elementor-repeater-item-333466f\"><td class=\"jet-table__cell elementor-repeater-item-24035b5 jet-table__body-cell\"><div class=\"jet-table__cell-inner\"><div class=\"jet-table__cell-content\"><div class=\"jet-table__cell-text\">Espa\u00f1a<\/div><\/div><\/div><\/td><td class=\"jet-table__cell elementor-repeater-item-837b5b2 jet-table__body-cell\"><div class=\"jet-table__cell-inner\"><div class=\"jet-table__cell-content\"><div class=\"jet-table__cell-text\">Madrid P1<\/div><\/div><\/div><\/td><td class=\"jet-table__cell elementor-repeater-item-605e278 jet-table__body-cell\"><div class=\"jet-table__cell-inner\"><div class=\"jet-table__cell-content\"><div class=\"jet-table__cell-text\">31 de agosto &#8211; 6 de septiembre<\/div><\/div><\/div><\/td><\/tr><tr class=\"jet-table__body-row elementor-repeater-item-38a85bb\"><td class=\"jet-table__cell elementor-repeater-item-31162ad jet-table__body-cell\"><div class=\"jet-table__cell-inner\"><div class=\"jet-table__cell-content\"><div class=\"jet-table__cell-text\">Francia<\/div><\/div><\/div><\/td><td class=\"jet-table__cell elementor-repeater-item-8994710 jet-table__body-cell\"><div class=\"jet-table__cell-inner\"><div class=\"jet-table__cell-content\"><div class=\"jet-table__cell-text\">Par\u00eds Mayor<\/div><\/div><\/div><\/td><td class=\"jet-table__cell elementor-repeater-item-7a8b9b8 jet-table__body-cell\"><div class=\"jet-table__cell-inner\"><div class=\"jet-table__cell-content\"><div class=\"jet-table__cell-text\">Del 7 al 13 de septiembre<\/div><\/div><\/div><\/td><\/tr><tr class=\"jet-table__body-row elementor-repeater-item-25cb3da\"><td class=\"jet-table__cell elementor-repeater-item-12637c9 jet-table__body-cell\"><div class=\"jet-table__cell-inner\"><div class=\"jet-table__cell-content\"><div class=\"jet-table__cell-text\">Europa<\/div><\/div><\/div><\/td><td class=\"jet-table__cell elementor-repeater-item-b7e5970 jet-table__body-cell\"><div class=\"jet-table__cell-inner\"><div class=\"jet-table__cell-content\"><div class=\"jet-table__cell-text\">*Hexagon World Series<\/div><\/div><\/div><\/td><td class=\"jet-table__cell elementor-repeater-item-9e03ae7 jet-table__body-cell\"><div class=\"jet-table__cell-inner\"><div class=\"jet-table__cell-content\"><div class=\"jet-table__cell-text\">14 &#8211; 20 de septiembre<\/div><\/div><\/div><\/td><\/tr><tr class=\"jet-table__body-row elementor-repeater-item-0dbd2a4\"><td class=\"jet-table__cell elementor-repeater-item-c43d00a jet-table__body-cell\"><div class=\"jet-table__cell-inner\"><div class=\"jet-table__cell-content\"><div class=\"jet-table__cell-text\">Pa\u00edses Bajos<\/div><\/div><\/div><\/td><td class=\"jet-table__cell elementor-repeater-item-4886e10 jet-table__body-cell\"><div class=\"jet-table__cell-inner\"><div class=\"jet-table__cell-content\"><div class=\"jet-table__cell-text\">Rotterdam P2<\/div><\/div><\/div><\/td><td class=\"jet-table__cell elementor-repeater-item-1ee5e12 jet-table__body-cell\"><div class=\"jet-table__cell-inner\"><div class=\"jet-table__cell-content\"><div class=\"jet-table__cell-text\">28 de septiembre &#8211; 4 de octubre<\/div><\/div><\/div><\/td><\/tr><tr class=\"jet-table__body-row elementor-repeater-item-36aa7ac\"><td class=\"jet-table__cell elementor-repeater-item-0038245 jet-table__body-cell\"><div class=\"jet-table__cell-inner\"><div class=\"jet-table__cell-content\"><div class=\"jet-table__cell-text\">Alemania<\/div><\/div><\/div><\/td><td class=\"jet-table__cell elementor-repeater-item-b2c7cd0 jet-table__body-cell\"><div class=\"jet-table__cell-inner\"><div class=\"jet-table__cell-content\"><div class=\"jet-table__cell-text\">Alemania P2<\/div><\/div><\/div><\/td><td class=\"jet-table__cell elementor-repeater-item-a5fee82 jet-table__body-cell\"><div class=\"jet-table__cell-inner\"><div class=\"jet-table__cell-content\"><div class=\"jet-table__cell-text\">Del 5 al 11 de octubre<\/div><\/div><\/div><\/td><\/tr><tr class=\"jet-table__body-row elementor-repeater-item-ceb947b\"><td class=\"jet-table__cell elementor-repeater-item-3856c0a jet-table__body-cell\"><div class=\"jet-table__cell-inner\"><div class=\"jet-table__cell-content\"><div class=\"jet-table__cell-text\">Italia<\/div><\/div><\/div><\/td><td class=\"jet-table__cell elementor-repeater-item-96540cc jet-table__body-cell\"><div class=\"jet-table__cell-inner\"><div class=\"jet-table__cell-content\"><div class=\"jet-table__cell-text\">Mil\u00e1n P1<\/div><\/div><\/div><\/td><td class=\"jet-table__cell elementor-repeater-item-b113203 jet-table__body-cell\"><div class=\"jet-table__cell-inner\"><div class=\"jet-table__cell-content\"><div class=\"jet-table__cell-text\">Del 12 al 18 de octubre<\/div><\/div><\/div><\/td><\/tr><tr class=\"jet-table__body-row elementor-repeater-item-65164c8\"><td class=\"jet-table__cell elementor-repeater-item-20c72fe jet-table__body-cell\"><div class=\"jet-table__cell-inner\"><div class=\"jet-table__cell-content\"><div class=\"jet-table__cell-text\">Kuwait<\/div><\/div><\/div><\/td><td class=\"jet-table__cell elementor-repeater-item-9512dda jet-table__body-cell\"><div class=\"jet-table__cell-inner\"><div class=\"jet-table__cell-content\"><div class=\"jet-table__cell-text\">Kuwait P1<\/div><\/div><\/div><\/td><td class=\"jet-table__cell elementor-repeater-item-6c0e27b jet-table__body-cell\"><div class=\"jet-table__cell-inner\"><div class=\"jet-table__cell-content\"><div class=\"jet-table__cell-text\">26 &#8211; 31 de octubre<\/div><\/div><\/div><\/td><\/tr><tr class=\"jet-table__body-row elementor-repeater-item-a38830b\"><td class=\"jet-table__cell elementor-repeater-item-99c974a jet-table__body-cell\"><div class=\"jet-table__cell-inner\"><div class=\"jet-table__cell-content\"><div class=\"jet-table__cell-text\">Varios<\/div><\/div><\/div><\/td><td class=\"jet-table__cell elementor-repeater-item-2bcb422 jet-table__body-cell\"><div class=\"jet-table__cell-inner\"><div class=\"jet-table__cell-content\"><div class=\"jet-table__cell-text\">Copa del Mundo FIP<\/div><\/div><\/div><\/td><td class=\"jet-table__cell elementor-repeater-item-6522f9a jet-table__body-cell\"><div class=\"jet-table__cell-inner\"><div class=\"jet-table__cell-content\"><div class=\"jet-table__cell-text\">Del 1 al 7 de noviembre<\/div><\/div><\/div><\/td><\/tr><tr class=\"jet-table__body-row elementor-repeater-item-352736f\"><td class=\"jet-table__cell elementor-repeater-item-462ca82 jet-table__body-cell\"><div class=\"jet-table__cell-inner\"><div class=\"jet-table__cell-content\"><div class=\"jet-table__cell-text\">EAU<\/div><\/div><\/div><\/td><td class=\"jet-table__cell elementor-repeater-item-1250c4c jet-table__body-cell\"><div class=\"jet-table__cell-inner\"><div class=\"jet-table__cell-content\"><div class=\"jet-table__cell-text\">Dubai P1<\/div><\/div><\/div><\/td><td class=\"jet-table__cell elementor-repeater-item-839447a jet-table__body-cell\"><div class=\"jet-table__cell-inner\"><div class=\"jet-table__cell-content\"><div class=\"jet-table__cell-text\">Del 9 al 15 de noviembre<\/div><\/div><\/div><\/td><\/tr><tr class=\"jet-table__body-row elementor-repeater-item-bb5bca5\"><td class=\"jet-table__cell elementor-repeater-item-7acc848 jet-table__body-cell\"><div class=\"jet-table__cell-inner\"><div class=\"jet-table__cell-content\"><div class=\"jet-table__cell-text\">M\u00e9xico<\/div><\/div><\/div><\/td><td class=\"jet-table__cell elementor-repeater-item-6ecf2b5 jet-table__body-cell\"><div class=\"jet-table__cell-inner\"><div class=\"jet-table__cell-content\"><div class=\"jet-table__cell-text\">M\u00e9xico Mayor<\/div><\/div><\/div><\/td><td class=\"jet-table__cell elementor-repeater-item-ef5713f jet-table__body-cell\"><div class=\"jet-table__cell-inner\"><div class=\"jet-table__cell-content\"><div class=\"jet-table__cell-text\">23 &#8211; 29 de noviembre<\/div><\/div><\/div><\/td><\/tr><tr class=\"jet-table__body-row elementor-repeater-item-c45495c\"><td class=\"jet-table__cell elementor-repeater-item-1082b07 jet-table__body-cell\"><div class=\"jet-table__cell-inner\"><div class=\"jet-table__cell-content\"><div class=\"jet-table__cell-text\">Espa\u00f1a (Catalu\u00f1a)<\/div><\/div><\/div><\/td><td class=\"jet-table__cell elementor-repeater-item-e695506 jet-table__body-cell\"><div class=\"jet-table__cell-inner\"><div class=\"jet-table__cell-content\"><div class=\"jet-table__cell-text\">Finales de Barcelona<\/div><\/div><\/div><\/td><td class=\"jet-table__cell elementor-repeater-item-7947851 jet-table__body-cell\"><div class=\"jet-table__cell-inner\"><div class=\"jet-table__cell-content\"><div class=\"jet-table__cell-text\">Del 7 al 13 de diciembre<\/div><\/div><\/div><\/td><\/tr><\/tbody>\n\t\t\t<\/table>\n\t\t<\/div>\n\n\t\t<\/div>\t\t\t\t<\/div>\n\t\t\t\t<\/div>\n\t\t\t\t<div class=\"elementor-element elementor-element-33dc73c elementor-widget elementor-widget-heading\" data-id=\"33dc73c\" data-element_type=\"widget\" data-e-type=\"widget\" data-widget_type=\"heading.default\">\n\t\t\t\t<div class=\"elementor-widget-container\">\n\t\t\t\t\t<h2 class=\"elementor-heading-title elementor-size-default\">Actualizaci\u00f3n de Mayo de 2026 - Qatar<\/h2>\t\t\t\t<\/div>\n\t\t\t\t<\/div>\n\t\t\t\t<div class=\"elementor-element elementor-element-f8e152d elementor-widget elementor-widget-text-editor\" data-id=\"f8e152d\" data-element_type=\"widget\" data-e-type=\"widget\" data-widget_type=\"text-editor.default\">\n\t\t\t\t<div class=\"elementor-widget-container\">\n\t\t\t\t\t\t\t\t\t<p>Premier Padel y la FIP han confirmado que el Ooredoo Qatar Major (previsto inicialmente del 6 al 11 de abril en Doha) se ha aplazado debido a la situaci\u00f3n sin precedentes que se vive en toda la regi\u00f3n. El Comit\u00e9 Directivo se reunir\u00e1 para evaluar las repercusiones que esto tendr\u00e1 en el resto del calendario de 2026. <\/p>\t\t\t\t\t\t\t\t<\/div>\n\t\t\t\t<\/div>\n\t\t\t\t<div class=\"elementor-element elementor-element-4e79c8b elementor-widget elementor-widget-heading\" data-id=\"4e79c8b\" data-element_type=\"widget\" data-e-type=\"widget\" data-widget_type=\"heading.default\">\n\t\t\t\t<div class=\"elementor-widget-container\">\n\t\t\t\t\t<h2 class=\"elementor-heading-title elementor-size-default\">Actualizaci\u00f3n de febrero de 2026<\/h2>\t\t\t\t<\/div>\n\t\t\t\t<\/div>\n\t\t\t\t<div class=\"elementor-element elementor-element-658887c elementor-widget elementor-widget-text-editor\" data-id=\"658887c\" data-element_type=\"widget\" data-e-type=\"widget\" data-widget_type=\"text-editor.default\">\n\t\t\t\t<div class=\"elementor-widget-container\">\n\t\t\t\t\t\t\t\t\t<p>\ud83c\uddf5\ud83c\uddfe El evento Asunci\u00f3n Premier Padel P2 se traslada al 4 -10 de mayo de 2026, la semana anterior a Buenos Aires P1.<\/p><p>\ud83c\uddea\ud83c\uddfa El Europe Premier Padel P2, programado inicialmente del 14 al 20 de septiembre, pasar\u00e1 a ser un evento oficial de las Series Mundiales Hexagon. Tendr\u00e1 lugar durante la misma semana. <\/p><p>\ud83c\udde6\ud83c\uddf1 FIP Platinum Albania se a\u00f1adir\u00e1 al CUPRA FIP Tour, celebr\u00e1ndose durante la semana del 25 al 31 de mayo de 2026, la semana anterior al BNL Italy Major Premier Padel 2026.<\/p>\t\t\t\t\t\t\t\t<\/div>\n\t\t\t\t<\/div>\n\t\t\t\t<div class=\"elementor-element elementor-element-507dc47 elementor-widget elementor-widget-heading\" data-id=\"507dc47\" data-element_type=\"widget\" data-e-type=\"widget\" data-widget_type=\"heading.default\">\n\t\t\t\t<div class=\"elementor-widget-container\">\n\t\t\t\t\t<h2 class=\"elementor-heading-title elementor-size-default\">\u00bfQu\u00e9 tienen de significativo los Torneos de P\u00e1del de Primera 2026?<\/h2>\t\t\t\t<\/div>\n\t\t\t\t<\/div>\n\t\t\t\t<div class=\"elementor-element elementor-element-0e9b4f1 elementor-widget elementor-widget-text-editor\" data-id=\"0e9b4f1\" data-element_type=\"widget\" data-e-type=\"widget\" data-widget_type=\"text-editor.default\">\n\t\t\t\t<div class=\"elementor-widget-container\">\n\t\t\t\t\t\t\t\t\t<p>El Qatar Airways Premier Padel Tour 2026 presenta su mayor temporada hasta la fecha: 26 torneos en 18 pa\u00edses. Este calendario refleja decisiones estrat\u00e9gicas que equilibran los bastiones tradicionales del p\u00e1del con nuevos mercados y muestran la innovaci\u00f3n en el deporte en su conjunto. <\/p>\t\t\t\t\t\t\t\t<\/div>\n\t\t\t\t<\/div>\n\t\t\t\t<div class=\"elementor-element elementor-element-28c66fe elementor-widget elementor-widget-heading\" data-id=\"28c66fe\" data-element_type=\"widget\" data-e-type=\"widget\" data-widget_type=\"heading.default\">\n\t\t\t\t<div class=\"elementor-widget-container\">\n\t\t\t\t\t<h2 class=\"elementor-heading-title elementor-size-default\">\u00bfQu\u00e9 hay de nuevo en la temporada 2026?<\/h2>\t\t\t\t<\/div>\n\t\t\t\t<\/div>\n\t\t\t\t<div class=\"elementor-element elementor-element-5cf60ae elementor-widget elementor-widget-text-editor\" data-id=\"5cf60ae\" data-element_type=\"widget\" data-e-type=\"widget\" data-widget_type=\"text-editor.default\">\n\t\t\t\t<div class=\"elementor-widget-container\">\n\t\t\t\t\t\t\t\t\t<p>La temporada 2026 contar\u00e1 con torneos en dos nuevos mercados: Londres (Reino Unido) y Pretoria (Sud\u00e1frica). Tambi\u00e9n contar\u00e1 con un nuevo torneo espa\u00f1ol (Valencia). Se trata de importantes incorporaciones al Tour en Europa y \u00c1frica, que ponen de manifiesto el crecimiento mundial del p\u00e1del profesional.  <\/p><p>El torneo P1 de Londres (Reino Unido) se celebrar\u00e1 del 3 al 9 de agosto.<\/p><p>El torneo P2 de Pretoria (Sud\u00e1frica) se celebrar\u00e1 del 27 de julio al 2 de agosto.<\/p><p>El torneo P1 de Valencia (Espa\u00f1a) se celebrar\u00e1 del 8 al 14 de junio.  <\/p>\t\t\t\t\t\t\t\t<\/div>\n\t\t\t\t<\/div>\n\t\t\t\t<div class=\"elementor-element elementor-element-0425466 elementor-widget elementor-widget-heading\" data-id=\"0425466\" data-element_type=\"widget\" data-e-type=\"widget\" data-widget_type=\"heading.default\">\n\t\t\t\t<div class=\"elementor-widget-container\">\n\t\t\t\t\t<h2 class=\"elementor-heading-title elementor-size-default\">Majors y lugares emblem\u00e1ticos<\/h2>\t\t\t\t<\/div>\n\t\t\t\t<\/div>\n\t\t\t\t<div class=\"elementor-element elementor-element-9fdc9fb elementor-widget elementor-widget-text-editor\" data-id=\"9fdc9fb\" data-element_type=\"widget\" data-e-type=\"widget\" data-widget_type=\"text-editor.default\">\n\t\t\t\t<div class=\"elementor-widget-container\">\n\t\t\t\t\t\t\t\t\t<p>El calendario incluye varios torneos Major, como los de Doha, Roma y Par\u00eds, que son acontecimientos emblem\u00e1ticos que ofrecen la m\u00e1xima puntuaci\u00f3n en el ranking y premios en met\u00e1lico. Estas sedes aportan una gran exposici\u00f3n medi\u00e1tica y refuerzan la posici\u00f3n del p\u00e1del entre los principales deportes mundiales. <\/p>\t\t\t\t\t\t\t\t<\/div>\n\t\t\t\t<\/div>\n\t\t\t\t<div class=\"elementor-element elementor-element-7134c3a elementor-widget elementor-widget-heading\" data-id=\"7134c3a\" data-element_type=\"widget\" data-e-type=\"widget\" data-widget_type=\"heading.default\">\n\t\t\t\t<div class=\"elementor-widget-container\">\n\t\t\t\t\t<h2 class=\"elementor-heading-title elementor-size-default\">\u00bfQu\u00e9 m\u00e1s hay de nuevo?<\/h2>\t\t\t\t<\/div>\n\t\t\t\t<\/div>\n\t\t\t\t<div class=\"elementor-element elementor-element-47667cb elementor-widget elementor-widget-text-editor\" data-id=\"47667cb\" data-element_type=\"widget\" data-e-type=\"widget\" data-widget_type=\"text-editor.default\">\n\t\t\t\t<div class=\"elementor-widget-container\">\n\t\t\t\t\t\t\t\t\t<p>Adem\u00e1s de las sedes tradicionales, 2026 introduce nuevas ciudades anfitrionas y contin\u00faa centr\u00e1ndose en las competiciones bajo techo -se espera que casi el 75% de las pruebas se disputen en recintos cubiertos-, lo que a\u00f1ade consistencia y calidad a las condiciones de los jugadores, independientemente del tiempo que haga.<\/p><p>Otra novedad de 2026 es una actualizaci\u00f3n de la puntuaci\u00f3n: la introducci\u00f3n del Punto Estrella. Con ello se pretende proteger el bienestar de los jugadores, aumentar la din\u00e1mica de los partidos y mejorar la experiencia de los espectadores. <\/p>\t\t\t\t\t\t\t\t<\/div>\n\t\t\t\t<\/div>\n\t\t\t\t<div class=\"elementor-element elementor-element-258c2e9 elementor-widget elementor-widget-image-gallery\" data-id=\"258c2e9\" data-element_type=\"widget\" data-e-type=\"widget\" data-widget_type=\"image-gallery.default\">\n\t\t\t\t<div class=\"elementor-widget-container\">\n\t\t\t\t\t\t\t<div class=\"elementor-image-gallery\">\n\t\t\t<div id='gallery-1' class='gallery galleryid-7980 gallery-columns-4 gallery-size-full'><figure class='gallery-item'>\n\t\t\t<div class='gallery-icon portrait'>\n\t\t\t\t<a data-elementor-open-lightbox=\"yes\" data-elementor-lightbox-slideshow=\"258c2e9\" data-elementor-lightbox-title=\"Imagen de portada con la bandera espa\u00f1ola, la Union Jack y la bandera sudafricana\" data-elementor-lightbox-description=\"Imagen de portada con la bandera espa\u00f1ola, la Union Jack y la bandera sudafricana\" data-e-action-hash=\"#elementor-action%3Aaction%3Dlightbox%26settings%3DeyJpZCI6Nzk3NSwidXJsIjoiaHR0cHM6XC9cL3d3dy53b3JsZHBhZGVsbmV0d29yay5jb21cL3dwLWNvbnRlbnRcL3VwbG9hZHNcLzIwMjVcLzEyXC9XUE4tSUctTkVXUy1QT1NULVNsaWRlLTEtbmV3LXRvdXJuYW1lbnRzLTIwMjYtc2NhbGVkLndlYnAiLCJzbGlkZXNob3ciOiIyNThjMmU5In0%3D\" href='https:\/\/www.worldpadelnetwork.com\/wp-content\/uploads\/2025\/12\/WPN-IG-NEWS-POST-Slide-1-new-tournaments-2026-scaled.webp'><img fetchpriority=\"high\" decoding=\"async\" width=\"1536\" height=\"1920\" src=\"https:\/\/www.worldpadelnetwork.com\/wp-content\/uploads\/2025\/12\/WPN-IG-NEWS-POST-Slide-1-new-tournaments-2026-scaled.webp\" class=\"attachment-full size-full\" alt=\"Imagen de portada con la bandera espa\u00f1ola, la Union Jack y la bandera sudafricana\" aria-describedby=\"gallery-1-7975\" srcset=\"https:\/\/www.worldpadelnetwork.com\/wp-content\/uploads\/2025\/12\/WPN-IG-NEWS-POST-Slide-1-new-tournaments-2026-scaled.webp 1536w, https:\/\/www.worldpadelnetwork.com\/wp-content\/uploads\/2025\/12\/WPN-IG-NEWS-POST-Slide-1-new-tournaments-2026-240x300.webp 240w, https:\/\/www.worldpadelnetwork.com\/wp-content\/uploads\/2025\/12\/WPN-IG-NEWS-POST-Slide-1-new-tournaments-2026-819x1024.webp 819w, https:\/\/www.worldpadelnetwork.com\/wp-content\/uploads\/2025\/12\/WPN-IG-NEWS-POST-Slide-1-new-tournaments-2026-768x960.webp 768w, https:\/\/www.worldpadelnetwork.com\/wp-content\/uploads\/2025\/12\/WPN-IG-NEWS-POST-Slide-1-new-tournaments-2026-1229x1536.webp 1229w\" sizes=\"(max-width: 1536px) 100vw, 1536px\" \/><\/a>\n\t\t\t<\/div>\n\t\t\t\t<figcaption class='wp-caption-text gallery-caption' id='gallery-1-7975'>\n\t\t\t\tImagen de portada con la bandera espa\u00f1ola, la Union Jack y la bandera sudafricana\n\t\t\t\t<\/figcaption><\/figure><figure class='gallery-item'>\n\t\t\t<div class='gallery-icon portrait'>\n\t\t\t\t<a data-elementor-open-lightbox=\"yes\" data-elementor-lightbox-slideshow=\"258c2e9\" data-elementor-lightbox-title=\"Primer torneo de p\u00e1del de Londres\" data-elementor-lightbox-description=\"Primer torneo de p\u00e1del de Londres\" data-e-action-hash=\"#elementor-action%3Aaction%3Dlightbox%26settings%3DeyJpZCI6Nzk3NiwidXJsIjoiaHR0cHM6XC9cL3d3dy53b3JsZHBhZGVsbmV0d29yay5jb21cL3dwLWNvbnRlbnRcL3VwbG9hZHNcLzIwMjVcLzEyXC9XUE4tSUctTkVXUy1QT1NULVNsaWRlLTItbmV3LXRvdXJuYW1lbnRzLTIwMjYtc2NhbGVkLndlYnAiLCJzbGlkZXNob3ciOiIyNThjMmU5In0%3D\" href='https:\/\/www.worldpadelnetwork.com\/wp-content\/uploads\/2025\/12\/WPN-IG-NEWS-POST-Slide-2-new-tournaments-2026-scaled.webp'><img decoding=\"async\" width=\"1536\" height=\"1920\" src=\"https:\/\/www.worldpadelnetwork.com\/wp-content\/uploads\/2025\/12\/WPN-IG-NEWS-POST-Slide-2-new-tournaments-2026-scaled.webp\" class=\"attachment-full size-full\" alt=\"Primer torneo de p\u00e1del de Londres\" aria-describedby=\"gallery-1-7976\" srcset=\"https:\/\/www.worldpadelnetwork.com\/wp-content\/uploads\/2025\/12\/WPN-IG-NEWS-POST-Slide-2-new-tournaments-2026-scaled.webp 1536w, https:\/\/www.worldpadelnetwork.com\/wp-content\/uploads\/2025\/12\/WPN-IG-NEWS-POST-Slide-2-new-tournaments-2026-240x300.webp 240w, https:\/\/www.worldpadelnetwork.com\/wp-content\/uploads\/2025\/12\/WPN-IG-NEWS-POST-Slide-2-new-tournaments-2026-819x1024.webp 819w, https:\/\/www.worldpadelnetwork.com\/wp-content\/uploads\/2025\/12\/WPN-IG-NEWS-POST-Slide-2-new-tournaments-2026-768x960.webp 768w, https:\/\/www.worldpadelnetwork.com\/wp-content\/uploads\/2025\/12\/WPN-IG-NEWS-POST-Slide-2-new-tournaments-2026-1229x1536.webp 1229w\" sizes=\"(max-width: 1536px) 100vw, 1536px\" \/><\/a>\n\t\t\t<\/div>\n\t\t\t\t<figcaption class='wp-caption-text gallery-caption' id='gallery-1-7976'>\n\t\t\t\tPrimer torneo de p\u00e1del de Londres\n\t\t\t\t<\/figcaption><\/figure><figure class='gallery-item'>\n\t\t\t<div class='gallery-icon portrait'>\n\t\t\t\t<a data-elementor-open-lightbox=\"yes\" data-elementor-lightbox-slideshow=\"258c2e9\" data-elementor-lightbox-title=\"Valencia premier padel tournament\" data-elementor-lightbox-description=\"Valencia premier padel tournament\" data-e-action-hash=\"#elementor-action%3Aaction%3Dlightbox%26settings%3DeyJpZCI6Nzk3NywidXJsIjoiaHR0cHM6XC9cL3d3dy53b3JsZHBhZGVsbmV0d29yay5jb21cL3dwLWNvbnRlbnRcL3VwbG9hZHNcLzIwMjVcLzEyXC9XUE4tSUctTkVXUy1QT1NULVNsaWRlLTMtbmV3LXRvdXJuYW1lbnRzLTIwMjYtc2NhbGVkLndlYnAiLCJzbGlkZXNob3ciOiIyNThjMmU5In0%3D\" href='https:\/\/www.worldpadelnetwork.com\/wp-content\/uploads\/2025\/12\/WPN-IG-NEWS-POST-Slide-3-new-tournaments-2026-scaled.webp'><img decoding=\"async\" width=\"1536\" height=\"1920\" src=\"https:\/\/www.worldpadelnetwork.com\/wp-content\/uploads\/2025\/12\/WPN-IG-NEWS-POST-Slide-3-new-tournaments-2026-scaled.webp\" class=\"attachment-full size-full\" alt=\"Valencia premier padel tournament\" aria-describedby=\"gallery-1-7977\" srcset=\"https:\/\/www.worldpadelnetwork.com\/wp-content\/uploads\/2025\/12\/WPN-IG-NEWS-POST-Slide-3-new-tournaments-2026-scaled.webp 1536w, https:\/\/www.worldpadelnetwork.com\/wp-content\/uploads\/2025\/12\/WPN-IG-NEWS-POST-Slide-3-new-tournaments-2026-240x300.webp 240w, https:\/\/www.worldpadelnetwork.com\/wp-content\/uploads\/2025\/12\/WPN-IG-NEWS-POST-Slide-3-new-tournaments-2026-819x1024.webp 819w, https:\/\/www.worldpadelnetwork.com\/wp-content\/uploads\/2025\/12\/WPN-IG-NEWS-POST-Slide-3-new-tournaments-2026-768x960.webp 768w, https:\/\/www.worldpadelnetwork.com\/wp-content\/uploads\/2025\/12\/WPN-IG-NEWS-POST-Slide-3-new-tournaments-2026-1229x1536.webp 1229w\" sizes=\"(max-width: 1536px) 100vw, 1536px\" \/><\/a>\n\t\t\t<\/div>\n\t\t\t\t<figcaption class='wp-caption-text gallery-caption' id='gallery-1-7977'>\n\t\t\t\tValencia premier padel tournament\n\t\t\t\t<\/figcaption><\/figure><figure class='gallery-item'>\n\t\t\t<div class='gallery-icon portrait'>\n\t\t\t\t<a data-elementor-open-lightbox=\"yes\" data-elementor-lightbox-slideshow=\"258c2e9\" data-elementor-lightbox-title=\"Primer torneo de p\u00e1del de Pretoria\" data-elementor-lightbox-description=\"Primer torneo de p\u00e1del de Pretoria\" data-e-action-hash=\"#elementor-action%3Aaction%3Dlightbox%26settings%3DeyJpZCI6Nzk3OCwidXJsIjoiaHR0cHM6XC9cL3d3dy53b3JsZHBhZGVsbmV0d29yay5jb21cL3dwLWNvbnRlbnRcL3VwbG9hZHNcLzIwMjVcLzEyXC9XUE4tSUctTkVXUy1QT1NULVNsaWRlLTQtbmV3LXRvdXJuYW1lbnRzLTIwMjYtc2NhbGVkLndlYnAiLCJzbGlkZXNob3ciOiIyNThjMmU5In0%3D\" href='https:\/\/www.worldpadelnetwork.com\/wp-content\/uploads\/2025\/12\/WPN-IG-NEWS-POST-Slide-4-new-tournaments-2026-scaled.webp'><img loading=\"lazy\" decoding=\"async\" width=\"1536\" height=\"1920\" src=\"https:\/\/www.worldpadelnetwork.com\/wp-content\/uploads\/2025\/12\/WPN-IG-NEWS-POST-Slide-4-new-tournaments-2026-scaled.webp\" class=\"attachment-full size-full\" alt=\"Primer torneo de p\u00e1del de Pretoria\" aria-describedby=\"gallery-1-7978\" srcset=\"https:\/\/www.worldpadelnetwork.com\/wp-content\/uploads\/2025\/12\/WPN-IG-NEWS-POST-Slide-4-new-tournaments-2026-scaled.webp 1536w, https:\/\/www.worldpadelnetwork.com\/wp-content\/uploads\/2025\/12\/WPN-IG-NEWS-POST-Slide-4-new-tournaments-2026-240x300.webp 240w, https:\/\/www.worldpadelnetwork.com\/wp-content\/uploads\/2025\/12\/WPN-IG-NEWS-POST-Slide-4-new-tournaments-2026-819x1024.webp 819w, https:\/\/www.worldpadelnetwork.com\/wp-content\/uploads\/2025\/12\/WPN-IG-NEWS-POST-Slide-4-new-tournaments-2026-768x960.webp 768w, https:\/\/www.worldpadelnetwork.com\/wp-content\/uploads\/2025\/12\/WPN-IG-NEWS-POST-Slide-4-new-tournaments-2026-1229x1536.webp 1229w\" sizes=\"(max-width: 1536px) 100vw, 1536px\" \/><\/a>\n\t\t\t<\/div>\n\t\t\t\t<figcaption class='wp-caption-text gallery-caption' id='gallery-1-7978'>\n\t\t\t\tPrimer torneo de p\u00e1del de Pretoria\n\t\t\t\t<\/figcaption><\/figure>\n\t\t<\/div>\n\t\t<\/div>\n\t\t\t\t\t\t<\/div>\n\t\t\t\t<\/div>\n\t\t\t\t<div class=\"elementor-element elementor-element-0bcbcf2 elementor-widget elementor-widget-heading\" data-id=\"0bcbcf2\" data-element_type=\"widget\" data-e-type=\"widget\" data-widget_type=\"heading.default\">\n\t\t\t\t<div class=\"elementor-widget-container\">\n\t\t\t\t\t<h2 class=\"elementor-heading-title elementor-size-default\">Preguntas frecuentes sobre el calendario de Premier Padel 2026<\/h2>\t\t\t\t<\/div>\n\t\t\t\t<\/div>\n\t\t\t\t<div class=\"elementor-element elementor-element-8661e20 elementor-widget__width-inherit elementor-widget elementor-widget-n-accordion\" data-id=\"8661e20\" data-element_type=\"widget\" data-e-type=\"widget\" data-settings=\"{&quot;default_state&quot;:&quot;expanded&quot;,&quot;max_items_expended&quot;:&quot;one&quot;,&quot;n_accordion_animation_duration&quot;:{&quot;unit&quot;:&quot;ms&quot;,&quot;size&quot;:400,&quot;sizes&quot;:[]}}\" data-widget_type=\"nested-accordion.default\">\n\t\t\t\t<div class=\"elementor-widget-container\">\n\t\t\t\t\t\t\t<div class=\"e-n-accordion\" aria-label=\"Accordion. Open links with Enter or Space, close with Escape, and navigate with Arrow Keys\">\n\t\t\t\t\t\t<details id=\"e-n-accordion-item-1400\" class=\"e-n-accordion-item\" open>\n\t\t\t\t<summary class=\"e-n-accordion-item-title\" data-accordion-index=\"1\" tabindex=\"0\" aria-expanded=\"true\" aria-controls=\"e-n-accordion-item-1400\" >\n\t\t\t\t\t<span class='e-n-accordion-item-title-header'><h3 class=\"e-n-accordion-item-title-text\"> \u00bfCu\u00e1ndo se celebra la Premier Padel en Arabia Saud\u00ed en 2026? <\/h3><\/span>\n\t\t\t\t\t\t\t<span class='e-n-accordion-item-title-icon'>\n\t\t\t<span class='e-opened' ><svg aria-hidden=\"true\" class=\"e-font-icon-svg e-fas-compress-alt\" viewBox=\"0 0 448 512\" xmlns=\"http:\/\/www.w3.org\/2000\/svg\"><path d=\"M4.686 427.314L104 328l-32.922-31.029C55.958 281.851 66.666 256 88.048 256h112C213.303 256 224 266.745 224 280v112c0 21.382-25.803 32.09-40.922 16.971L152 376l-99.314 99.314c-6.248 6.248-16.379 6.248-22.627 0L4.686 449.941c-6.248-6.248-6.248-16.379 0-22.627zM443.314 84.686L344 184l32.922 31.029c15.12 15.12 4.412 40.971-16.97 40.971h-112C234.697 256 224 245.255 224 232V120c0-21.382 25.803-32.09 40.922-16.971L296 136l99.314-99.314c6.248-6.248 16.379-6.248 22.627 0l25.373 25.373c6.248 6.248 6.248 16.379 0 22.627z\"><\/path><\/svg><\/span>\n\t\t\t<span class='e-closed'><svg aria-hidden=\"true\" class=\"e-font-icon-svg e-fas-arrow-right\" viewBox=\"0 0 448 512\" xmlns=\"http:\/\/www.w3.org\/2000\/svg\"><path d=\"M190.5 66.9l22.2-22.2c9.4-9.4 24.6-9.4 33.9 0L441 239c9.4 9.4 9.4 24.6 0 33.9L246.6 467.3c-9.4 9.4-24.6 9.4-33.9 0l-22.2-22.2c-9.5-9.5-9.3-25 .4-34.3L311.4 296H24c-13.3 0-24-10.7-24-24v-32c0-13.3 10.7-24 24-24h287.4L190.9 101.2c-9.8-9.3-10-24.8-.4-34.3z\"><\/path><\/svg><\/span>\n\t\t<\/span>\n\n\t\t\t\t\t\t<\/summary>\n\t\t\t\t<div role=\"region\" aria-labelledby=\"e-n-accordion-item-1400\" class=\"elementor-element elementor-element-eb3850c e-con-full e-flex e-con e-child\" data-id=\"eb3850c\" data-element_type=\"container\" data-e-type=\"container\" data-settings=\"{&quot;jet_parallax_layout_list&quot;:[]}\">\n\t\t<div role=\"region\" aria-labelledby=\"e-n-accordion-item-1400\" class=\"elementor-element elementor-element-75a85e3 e-con-full e-flex e-con e-child\" data-id=\"75a85e3\" data-element_type=\"container\" data-e-type=\"container\" data-settings=\"{&quot;jet_parallax_layout_list&quot;:[]}\">\n\t\t\t\t<div class=\"elementor-element elementor-element-bad4664 elementor-widget elementor-widget-text-editor\" data-id=\"bad4664\" data-element_type=\"widget\" data-e-type=\"widget\" data-widget_type=\"text-editor.default\">\n\t\t\t\t<div class=\"elementor-widget-container\">\n\t\t\t\t\t\t\t\t\t<p>La Premier Padel inicia su parada en Arabia Saud\u00ed en 2026 del 9 al 14 de febrero. El evento se conoce oficialmente como <strong data-start=\"620\" data-end=\"640\">Riyadh Season P1<\/strong>. <\/p>\t\t\t\t\t\t\t\t<\/div>\n\t\t\t\t<\/div>\n\t\t\t\t<\/div>\n\t\t\t\t<\/div>\n\t\t\t\t\t<\/details>\n\t\t\t\t\t\t<details id=\"e-n-accordion-item-1401\" class=\"e-n-accordion-item\" >\n\t\t\t\t<summary class=\"e-n-accordion-item-title\" data-accordion-index=\"2\" tabindex=\"-1\" aria-expanded=\"false\" aria-controls=\"e-n-accordion-item-1401\" >\n\t\t\t\t\t<span class='e-n-accordion-item-title-header'><h3 class=\"e-n-accordion-item-title-text\"> \u00bfCu\u00e1ndo se celebra el torneo de P\u00e1del de Primera en Gij\u00f3n en 2026? <\/h3><\/span>\n\t\t\t\t\t\t\t<span class='e-n-accordion-item-title-icon'>\n\t\t\t<span class='e-opened' ><svg aria-hidden=\"true\" class=\"e-font-icon-svg e-fas-compress-alt\" viewBox=\"0 0 448 512\" xmlns=\"http:\/\/www.w3.org\/2000\/svg\"><path d=\"M4.686 427.314L104 328l-32.922-31.029C55.958 281.851 66.666 256 88.048 256h112C213.303 256 224 266.745 224 280v112c0 21.382-25.803 32.09-40.922 16.971L152 376l-99.314 99.314c-6.248 6.248-16.379 6.248-22.627 0L4.686 449.941c-6.248-6.248-6.248-16.379 0-22.627zM443.314 84.686L344 184l32.922 31.029c15.12 15.12 4.412 40.971-16.97 40.971h-112C234.697 256 224 245.255 224 232V120c0-21.382 25.803-32.09 40.922-16.971L296 136l99.314-99.314c6.248-6.248 16.379-6.248 22.627 0l25.373 25.373c6.248 6.248 6.248 16.379 0 22.627z\"><\/path><\/svg><\/span>\n\t\t\t<span class='e-closed'><svg aria-hidden=\"true\" class=\"e-font-icon-svg e-fas-arrow-right\" viewBox=\"0 0 448 512\" xmlns=\"http:\/\/www.w3.org\/2000\/svg\"><path d=\"M190.5 66.9l22.2-22.2c9.4-9.4 24.6-9.4 33.9 0L441 239c9.4 9.4 9.4 24.6 0 33.9L246.6 467.3c-9.4 9.4-24.6 9.4-33.9 0l-22.2-22.2c-9.5-9.5-9.3-25 .4-34.3L311.4 296H24c-13.3 0-24-10.7-24-24v-32c0-13.3 10.7-24 24-24h287.4L190.9 101.2c-9.8-9.3-10-24.8-.4-34.3z\"><\/path><\/svg><\/span>\n\t\t<\/span>\n\n\t\t\t\t\t\t<\/summary>\n\t\t\t\t<div role=\"region\" aria-labelledby=\"e-n-accordion-item-1401\" class=\"elementor-element elementor-element-a50014d e-con-full e-flex e-con e-child\" data-id=\"a50014d\" data-element_type=\"container\" data-e-type=\"container\" data-settings=\"{&quot;jet_parallax_layout_list&quot;:[]}\">\n\t\t<div role=\"region\" aria-labelledby=\"e-n-accordion-item-1401\" class=\"elementor-element elementor-element-762ac4d e-con-full e-flex e-con e-child\" data-id=\"762ac4d\" data-element_type=\"container\" data-e-type=\"container\" data-settings=\"{&quot;jet_parallax_layout_list&quot;:[]}\">\n\t\t\t\t<div class=\"elementor-element elementor-element-fb73b05 elementor-widget elementor-widget-text-editor\" data-id=\"fb73b05\" data-element_type=\"widget\" data-e-type=\"widget\" data-widget_type=\"text-editor.default\">\n\t\t\t\t<div class=\"elementor-widget-container\">\n\t\t\t\t\t\t\t\t\t<p>El Premier Padel Tour llega a Gij\u00f3n, Espa\u00f1a, del 2 al 8 de marzo de 2026. Este torneo se denomina oficialmente <strong data-start=\"862\" data-end=\"874\">Gij\u00f3n P2<\/strong>. <\/p>\t\t\t\t\t\t\t\t<\/div>\n\t\t\t\t<\/div>\n\t\t\t\t<\/div>\n\t\t\t\t<\/div>\n\t\t\t\t\t<\/details>\n\t\t\t\t\t\t<details id=\"e-n-accordion-item-1402\" class=\"e-n-accordion-item\" >\n\t\t\t\t<summary class=\"e-n-accordion-item-title\" data-accordion-index=\"3\" tabindex=\"-1\" aria-expanded=\"false\" aria-controls=\"e-n-accordion-item-1402\" >\n\t\t\t\t\t<span class='e-n-accordion-item-title-header'><h3 class=\"e-n-accordion-item-title-text\"> \u00bfCu\u00e1ndo estar\u00e1 Premier Padel en Canc\u00fan en 2026? <\/h3><\/span>\n\t\t\t\t\t\t\t<span class='e-n-accordion-item-title-icon'>\n\t\t\t<span class='e-opened' ><svg aria-hidden=\"true\" class=\"e-font-icon-svg e-fas-compress-alt\" viewBox=\"0 0 448 512\" xmlns=\"http:\/\/www.w3.org\/2000\/svg\"><path d=\"M4.686 427.314L104 328l-32.922-31.029C55.958 281.851 66.666 256 88.048 256h112C213.303 256 224 266.745 224 280v112c0 21.382-25.803 32.09-40.922 16.971L152 376l-99.314 99.314c-6.248 6.248-16.379 6.248-22.627 0L4.686 449.941c-6.248-6.248-6.248-16.379 0-22.627zM443.314 84.686L344 184l32.922 31.029c15.12 15.12 4.412 40.971-16.97 40.971h-112C234.697 256 224 245.255 224 232V120c0-21.382 25.803-32.09 40.922-16.971L296 136l99.314-99.314c6.248-6.248 16.379-6.248 22.627 0l25.373 25.373c6.248 6.248 6.248 16.379 0 22.627z\"><\/path><\/svg><\/span>\n\t\t\t<span class='e-closed'><svg aria-hidden=\"true\" class=\"e-font-icon-svg e-fas-arrow-right\" viewBox=\"0 0 448 512\" xmlns=\"http:\/\/www.w3.org\/2000\/svg\"><path d=\"M190.5 66.9l22.2-22.2c9.4-9.4 24.6-9.4 33.9 0L441 239c9.4 9.4 9.4 24.6 0 33.9L246.6 467.3c-9.4 9.4-24.6 9.4-33.9 0l-22.2-22.2c-9.5-9.5-9.3-25 .4-34.3L311.4 296H24c-13.3 0-24-10.7-24-24v-32c0-13.3 10.7-24 24-24h287.4L190.9 101.2c-9.8-9.3-10-24.8-.4-34.3z\"><\/path><\/svg><\/span>\n\t\t<\/span>\n\n\t\t\t\t\t\t<\/summary>\n\t\t\t\t<div role=\"region\" aria-labelledby=\"e-n-accordion-item-1402\" class=\"elementor-element elementor-element-884eb00 e-con-full e-flex e-con e-child\" data-id=\"884eb00\" data-element_type=\"container\" data-e-type=\"container\" data-settings=\"{&quot;jet_parallax_layout_list&quot;:[]}\">\n\t\t<div role=\"region\" aria-labelledby=\"e-n-accordion-item-1402\" class=\"elementor-element elementor-element-a0fddda e-con-full e-flex e-con e-child\" data-id=\"a0fddda\" data-element_type=\"container\" data-e-type=\"container\" data-settings=\"{&quot;jet_parallax_layout_list&quot;:[]}\">\n\t\t\t\t<div class=\"elementor-element elementor-element-b42c533 elementor-widget elementor-widget-text-editor\" data-id=\"b42c533\" data-element_type=\"widget\" data-e-type=\"widget\" data-widget_type=\"text-editor.default\">\n\t\t\t\t<div class=\"elementor-widget-container\">\n\t\t\t\t\t\t\t\t\t<p>La Premier Padel se celebrar\u00e1 en Canc\u00fan, M\u00e9xico, del 16 al 22 de marzo de 2026. El torneo se conoce como <strong data-start=\"1086\" data-end=\"1099\">Canc\u00fan P2<\/strong>. <\/p>\t\t\t\t\t\t\t\t<\/div>\n\t\t\t\t<\/div>\n\t\t\t\t<\/div>\n\t\t\t\t<\/div>\n\t\t\t\t\t<\/details>\n\t\t\t\t\t\t<details id=\"e-n-accordion-item-1403\" class=\"e-n-accordion-item\" >\n\t\t\t\t<summary class=\"e-n-accordion-item-title\" data-accordion-index=\"4\" tabindex=\"-1\" aria-expanded=\"false\" aria-controls=\"e-n-accordion-item-1403\" >\n\t\t\t\t\t<span class='e-n-accordion-item-title-header'><h3 class=\"e-n-accordion-item-title-text\"> \u00bfCu\u00e1ndo se celebra el torneo Premier Padel Miami en 2026? <\/h3><\/span>\n\t\t\t\t\t\t\t<span class='e-n-accordion-item-title-icon'>\n\t\t\t<span class='e-opened' ><svg aria-hidden=\"true\" class=\"e-font-icon-svg e-fas-compress-alt\" viewBox=\"0 0 448 512\" xmlns=\"http:\/\/www.w3.org\/2000\/svg\"><path d=\"M4.686 427.314L104 328l-32.922-31.029C55.958 281.851 66.666 256 88.048 256h112C213.303 256 224 266.745 224 280v112c0 21.382-25.803 32.09-40.922 16.971L152 376l-99.314 99.314c-6.248 6.248-16.379 6.248-22.627 0L4.686 449.941c-6.248-6.248-6.248-16.379 0-22.627zM443.314 84.686L344 184l32.922 31.029c15.12 15.12 4.412 40.971-16.97 40.971h-112C234.697 256 224 245.255 224 232V120c0-21.382 25.803-32.09 40.922-16.971L296 136l99.314-99.314c6.248-6.248 16.379-6.248 22.627 0l25.373 25.373c6.248 6.248 6.248 16.379 0 22.627z\"><\/path><\/svg><\/span>\n\t\t\t<span class='e-closed'><svg aria-hidden=\"true\" class=\"e-font-icon-svg e-fas-arrow-right\" viewBox=\"0 0 448 512\" xmlns=\"http:\/\/www.w3.org\/2000\/svg\"><path d=\"M190.5 66.9l22.2-22.2c9.4-9.4 24.6-9.4 33.9 0L441 239c9.4 9.4 9.4 24.6 0 33.9L246.6 467.3c-9.4 9.4-24.6 9.4-33.9 0l-22.2-22.2c-9.5-9.5-9.3-25 .4-34.3L311.4 296H24c-13.3 0-24-10.7-24-24v-32c0-13.3 10.7-24 24-24h287.4L190.9 101.2c-9.8-9.3-10-24.8-.4-34.3z\"><\/path><\/svg><\/span>\n\t\t<\/span>\n\n\t\t\t\t\t\t<\/summary>\n\t\t\t\t<div role=\"region\" aria-labelledby=\"e-n-accordion-item-1403\" class=\"elementor-element elementor-element-baff0e7 e-flex e-con-boxed e-con e-child\" data-id=\"baff0e7\" data-element_type=\"container\" data-e-type=\"container\" data-settings=\"{&quot;jet_parallax_layout_list&quot;:[]}\">\n\t\t\t\t\t<div class=\"e-con-inner\">\n\t\t<div role=\"region\" aria-labelledby=\"e-n-accordion-item-1403\" class=\"elementor-element elementor-element-6be802f e-con-full e-flex e-con e-child\" data-id=\"6be802f\" data-element_type=\"container\" data-e-type=\"container\" data-settings=\"{&quot;jet_parallax_layout_list&quot;:[]}\">\n\t\t\t\t<div class=\"elementor-element elementor-element-36b1b5c elementor-widget elementor-widget-text-editor\" data-id=\"36b1b5c\" data-element_type=\"widget\" data-e-type=\"widget\" data-widget_type=\"text-editor.default\">\n\t\t\t\t<div class=\"elementor-widget-container\">\n\t\t\t\t\t\t\t\t\t<p data-start=\"642\" data-end=\"795\">La etapa de Miami del Premier Padel Tour se celebrar\u00e1 del 23 al 29 de marzo de 2026. Se denomina oficialmente <strong data-start=\"1304\" data-end=\"1316\">Miami P1<\/strong>. <\/p>\t\t\t\t\t\t\t\t<\/div>\n\t\t\t\t<\/div>\n\t\t\t\t<\/div>\n\t\t\t\t\t<\/div>\n\t\t\t\t<\/div>\n\t\t\t\t\t<\/details>\n\t\t\t\t\t\t<details id=\"e-n-accordion-item-1404\" class=\"e-n-accordion-item\" >\n\t\t\t\t<summary class=\"e-n-accordion-item-title\" data-accordion-index=\"5\" tabindex=\"-1\" aria-expanded=\"false\" aria-controls=\"e-n-accordion-item-1404\" >\n\t\t\t\t\t<span class='e-n-accordion-item-title-header'><h3 class=\"e-n-accordion-item-title-text\"> \u00bfCu\u00e1ndo se celebra el Premier Padel Qatar Major en 2026? <\/h3><\/span>\n\t\t\t\t\t\t\t<span class='e-n-accordion-item-title-icon'>\n\t\t\t<span class='e-opened' ><svg aria-hidden=\"true\" class=\"e-font-icon-svg e-fas-compress-alt\" viewBox=\"0 0 448 512\" xmlns=\"http:\/\/www.w3.org\/2000\/svg\"><path d=\"M4.686 427.314L104 328l-32.922-31.029C55.958 281.851 66.666 256 88.048 256h112C213.303 256 224 266.745 224 280v112c0 21.382-25.803 32.09-40.922 16.971L152 376l-99.314 99.314c-6.248 6.248-16.379 6.248-22.627 0L4.686 449.941c-6.248-6.248-6.248-16.379 0-22.627zM443.314 84.686L344 184l32.922 31.029c15.12 15.12 4.412 40.971-16.97 40.971h-112C234.697 256 224 245.255 224 232V120c0-21.382 25.803-32.09 40.922-16.971L296 136l99.314-99.314c6.248-6.248 16.379-6.248 22.627 0l25.373 25.373c6.248 6.248 6.248 16.379 0 22.627z\"><\/path><\/svg><\/span>\n\t\t\t<span class='e-closed'><svg aria-hidden=\"true\" class=\"e-font-icon-svg e-fas-arrow-right\" viewBox=\"0 0 448 512\" xmlns=\"http:\/\/www.w3.org\/2000\/svg\"><path d=\"M190.5 66.9l22.2-22.2c9.4-9.4 24.6-9.4 33.9 0L441 239c9.4 9.4 9.4 24.6 0 33.9L246.6 467.3c-9.4 9.4-24.6 9.4-33.9 0l-22.2-22.2c-9.5-9.5-9.3-25 .4-34.3L311.4 296H24c-13.3 0-24-10.7-24-24v-32c0-13.3 10.7-24 24-24h287.4L190.9 101.2c-9.8-9.3-10-24.8-.4-34.3z\"><\/path><\/svg><\/span>\n\t\t<\/span>\n\n\t\t\t\t\t\t<\/summary>\n\t\t\t\t<div role=\"region\" aria-labelledby=\"e-n-accordion-item-1404\" class=\"elementor-element elementor-element-5f5ae60 e-flex e-con-boxed e-con e-child\" data-id=\"5f5ae60\" data-element_type=\"container\" data-e-type=\"container\" data-settings=\"{&quot;jet_parallax_layout_list&quot;:[]}\">\n\t\t\t\t\t<div class=\"e-con-inner\">\n\t\t<div role=\"region\" aria-labelledby=\"e-n-accordion-item-1404\" class=\"elementor-element elementor-element-99d8dfe e-con-full e-flex e-con e-child\" data-id=\"99d8dfe\" data-element_type=\"container\" data-e-type=\"container\" data-settings=\"{&quot;jet_parallax_layout_list&quot;:[]}\">\n\t\t\t\t<div class=\"elementor-element elementor-element-b11da6e elementor-widget elementor-widget-text-editor\" data-id=\"b11da6e\" data-element_type=\"widget\" data-e-type=\"widget\" data-widget_type=\"text-editor.default\">\n\t\t\t\t<div class=\"elementor-widget-container\">\n\t\t\t\t\t\t\t\t\t<p>Premier Padel y la FIP han confirmado que el Ooredoo Qatar Major (previsto inicialmente del 6 al 11 de abril en Doha) se ha aplazado debido a la situaci\u00f3n sin precedentes que se vive en toda la regi\u00f3n. El Comit\u00e9 Directivo se reunir\u00e1 para evaluar las repercusiones que esto tendr\u00e1 en el resto del calendario de 2026. <\/p>\t\t\t\t\t\t\t\t<\/div>\n\t\t\t\t<\/div>\n\t\t\t\t<\/div>\n\t\t\t\t\t<\/div>\n\t\t\t\t<\/div>\n\t\t\t\t\t<\/details>\n\t\t\t\t\t\t<details id=\"e-n-accordion-item-1405\" class=\"e-n-accordion-item\" >\n\t\t\t\t<summary class=\"e-n-accordion-item-title\" data-accordion-index=\"6\" tabindex=\"-1\" aria-expanded=\"false\" aria-controls=\"e-n-accordion-item-1405\" >\n\t\t\t\t\t<span class='e-n-accordion-item-title-header'><h3 class=\"e-n-accordion-item-title-text\"> \u00bfCu\u00e1ndo se juega la Premier Padel en Newgiza, Egipto, en 2026? <\/h3><\/span>\n\t\t\t\t\t\t\t<span class='e-n-accordion-item-title-icon'>\n\t\t\t<span class='e-opened' ><svg aria-hidden=\"true\" class=\"e-font-icon-svg e-fas-compress-alt\" viewBox=\"0 0 448 512\" xmlns=\"http:\/\/www.w3.org\/2000\/svg\"><path d=\"M4.686 427.314L104 328l-32.922-31.029C55.958 281.851 66.666 256 88.048 256h112C213.303 256 224 266.745 224 280v112c0 21.382-25.803 32.09-40.922 16.971L152 376l-99.314 99.314c-6.248 6.248-16.379 6.248-22.627 0L4.686 449.941c-6.248-6.248-6.248-16.379 0-22.627zM443.314 84.686L344 184l32.922 31.029c15.12 15.12 4.412 40.971-16.97 40.971h-112C234.697 256 224 245.255 224 232V120c0-21.382 25.803-32.09 40.922-16.971L296 136l99.314-99.314c6.248-6.248 16.379-6.248 22.627 0l25.373 25.373c6.248 6.248 6.248 16.379 0 22.627z\"><\/path><\/svg><\/span>\n\t\t\t<span class='e-closed'><svg aria-hidden=\"true\" class=\"e-font-icon-svg e-fas-arrow-right\" viewBox=\"0 0 448 512\" xmlns=\"http:\/\/www.w3.org\/2000\/svg\"><path d=\"M190.5 66.9l22.2-22.2c9.4-9.4 24.6-9.4 33.9 0L441 239c9.4 9.4 9.4 24.6 0 33.9L246.6 467.3c-9.4 9.4-24.6 9.4-33.9 0l-22.2-22.2c-9.5-9.5-9.3-25 .4-34.3L311.4 296H24c-13.3 0-24-10.7-24-24v-32c0-13.3 10.7-24 24-24h287.4L190.9 101.2c-9.8-9.3-10-24.8-.4-34.3z\"><\/path><\/svg><\/span>\n\t\t<\/span>\n\n\t\t\t\t\t\t<\/summary>\n\t\t\t\t<div role=\"region\" aria-labelledby=\"e-n-accordion-item-1405\" class=\"elementor-element elementor-element-816c0d5 e-flex e-con-boxed e-con e-child\" data-id=\"816c0d5\" data-element_type=\"container\" data-e-type=\"container\" data-settings=\"{&quot;jet_parallax_layout_list&quot;:[]}\">\n\t\t\t\t\t<div class=\"e-con-inner\">\n\t\t<div role=\"region\" aria-labelledby=\"e-n-accordion-item-1405\" class=\"elementor-element elementor-element-95b1074 e-con-full e-flex e-con e-child\" data-id=\"95b1074\" data-element_type=\"container\" data-e-type=\"container\" data-settings=\"{&quot;jet_parallax_layout_list&quot;:[]}\">\n\t\t\t\t<div class=\"elementor-element elementor-element-50c8608 elementor-widget elementor-widget-text-editor\" data-id=\"50c8608\" data-element_type=\"widget\" data-e-type=\"widget\" data-widget_type=\"text-editor.default\">\n\t\t\t\t<div class=\"elementor-widget-container\">\n\t\t\t\t\t\t\t\t\t<p>Premier Padel visita Newgiza, Egipto, del 13 al 18 de abril de 2026. El torneo se denomina oficialmente <strong data-start=\"1755\" data-end=\"1769\">Newgiza P2<\/strong>. <\/p>\t\t\t\t\t\t\t\t<\/div>\n\t\t\t\t<\/div>\n\t\t\t\t<\/div>\n\t\t\t\t\t<\/div>\n\t\t\t\t<\/div>\n\t\t\t\t\t<\/details>\n\t\t\t\t\t\t<details id=\"e-n-accordion-item-1406\" class=\"e-n-accordion-item\" >\n\t\t\t\t<summary class=\"e-n-accordion-item-title\" data-accordion-index=\"7\" tabindex=\"-1\" aria-expanded=\"false\" aria-controls=\"e-n-accordion-item-1406\" >\n\t\t\t\t\t<span class='e-n-accordion-item-title-header'><h3 class=\"e-n-accordion-item-title-text\"> \u00bfCu\u00e1ndo se celebra el Premier Padel Brussels en 2026? <\/h3><\/span>\n\t\t\t\t\t\t\t<span class='e-n-accordion-item-title-icon'>\n\t\t\t<span class='e-opened' ><svg aria-hidden=\"true\" class=\"e-font-icon-svg e-fas-compress-alt\" viewBox=\"0 0 448 512\" xmlns=\"http:\/\/www.w3.org\/2000\/svg\"><path d=\"M4.686 427.314L104 328l-32.922-31.029C55.958 281.851 66.666 256 88.048 256h112C213.303 256 224 266.745 224 280v112c0 21.382-25.803 32.09-40.922 16.971L152 376l-99.314 99.314c-6.248 6.248-16.379 6.248-22.627 0L4.686 449.941c-6.248-6.248-6.248-16.379 0-22.627zM443.314 84.686L344 184l32.922 31.029c15.12 15.12 4.412 40.971-16.97 40.971h-112C234.697 256 224 245.255 224 232V120c0-21.382 25.803-32.09 40.922-16.971L296 136l99.314-99.314c6.248-6.248 16.379-6.248 22.627 0l25.373 25.373c6.248 6.248 6.248 16.379 0 22.627z\"><\/path><\/svg><\/span>\n\t\t\t<span class='e-closed'><svg aria-hidden=\"true\" class=\"e-font-icon-svg e-fas-arrow-right\" viewBox=\"0 0 448 512\" xmlns=\"http:\/\/www.w3.org\/2000\/svg\"><path d=\"M190.5 66.9l22.2-22.2c9.4-9.4 24.6-9.4 33.9 0L441 239c9.4 9.4 9.4 24.6 0 33.9L246.6 467.3c-9.4 9.4-24.6 9.4-33.9 0l-22.2-22.2c-9.5-9.5-9.3-25 .4-34.3L311.4 296H24c-13.3 0-24-10.7-24-24v-32c0-13.3 10.7-24 24-24h287.4L190.9 101.2c-9.8-9.3-10-24.8-.4-34.3z\"><\/path><\/svg><\/span>\n\t\t<\/span>\n\n\t\t\t\t\t\t<\/summary>\n\t\t\t\t<div role=\"region\" aria-labelledby=\"e-n-accordion-item-1406\" class=\"elementor-element elementor-element-012b478 e-flex e-con-boxed e-con e-child\" data-id=\"012b478\" data-element_type=\"container\" data-e-type=\"container\" data-settings=\"{&quot;jet_parallax_layout_list&quot;:[]}\">\n\t\t\t\t\t<div class=\"e-con-inner\">\n\t\t<div role=\"region\" aria-labelledby=\"e-n-accordion-item-1406\" class=\"elementor-element elementor-element-e5f0396 e-con-full e-flex e-con e-child\" data-id=\"e5f0396\" data-element_type=\"container\" data-e-type=\"container\" data-settings=\"{&quot;jet_parallax_layout_list&quot;:[]}\">\n\t\t\t\t<div class=\"elementor-element elementor-element-9a1fd2f elementor-widget elementor-widget-text-editor\" data-id=\"9a1fd2f\" data-element_type=\"widget\" data-e-type=\"widget\" data-widget_type=\"text-editor.default\">\n\t\t\t\t<div class=\"elementor-widget-container\">\n\t\t\t\t\t\t\t\t\t<p>El Torneo de P\u00e1del Bruselas Premier est\u00e1 programado del 20 al 26 de abril de 2026. Se conoce oficialmente como el <strong data-start=\"1975\" data-end=\"1990\">Bruselas P2<\/strong>. <\/p>\t\t\t\t\t\t\t\t<\/div>\n\t\t\t\t<\/div>\n\t\t\t\t<\/div>\n\t\t\t\t\t<\/div>\n\t\t\t\t<\/div>\n\t\t\t\t\t<\/details>\n\t\t\t\t\t\t<details id=\"e-n-accordion-item-1407\" class=\"e-n-accordion-item\" >\n\t\t\t\t<summary class=\"e-n-accordion-item-title\" data-accordion-index=\"8\" tabindex=\"-1\" aria-expanded=\"false\" aria-controls=\"e-n-accordion-item-1407\" >\n\t\t\t\t\t<span class='e-n-accordion-item-title-header'><h3 class=\"e-n-accordion-item-title-text\"> \u00bfCu\u00e1ndo llega Premier Padel a Buenos Aires en 2026? <\/h3><\/span>\n\t\t\t\t\t\t\t<span class='e-n-accordion-item-title-icon'>\n\t\t\t<span class='e-opened' ><svg aria-hidden=\"true\" class=\"e-font-icon-svg e-fas-compress-alt\" viewBox=\"0 0 448 512\" xmlns=\"http:\/\/www.w3.org\/2000\/svg\"><path d=\"M4.686 427.314L104 328l-32.922-31.029C55.958 281.851 66.666 256 88.048 256h112C213.303 256 224 266.745 224 280v112c0 21.382-25.803 32.09-40.922 16.971L152 376l-99.314 99.314c-6.248 6.248-16.379 6.248-22.627 0L4.686 449.941c-6.248-6.248-6.248-16.379 0-22.627zM443.314 84.686L344 184l32.922 31.029c15.12 15.12 4.412 40.971-16.97 40.971h-112C234.697 256 224 245.255 224 232V120c0-21.382 25.803-32.09 40.922-16.971L296 136l99.314-99.314c6.248-6.248 16.379-6.248 22.627 0l25.373 25.373c6.248 6.248 6.248 16.379 0 22.627z\"><\/path><\/svg><\/span>\n\t\t\t<span class='e-closed'><svg aria-hidden=\"true\" class=\"e-font-icon-svg e-fas-arrow-right\" viewBox=\"0 0 448 512\" xmlns=\"http:\/\/www.w3.org\/2000\/svg\"><path d=\"M190.5 66.9l22.2-22.2c9.4-9.4 24.6-9.4 33.9 0L441 239c9.4 9.4 9.4 24.6 0 33.9L246.6 467.3c-9.4 9.4-24.6 9.4-33.9 0l-22.2-22.2c-9.5-9.5-9.3-25 .4-34.3L311.4 296H24c-13.3 0-24-10.7-24-24v-32c0-13.3 10.7-24 24-24h287.4L190.9 101.2c-9.8-9.3-10-24.8-.4-34.3z\"><\/path><\/svg><\/span>\n\t\t<\/span>\n\n\t\t\t\t\t\t<\/summary>\n\t\t\t\t<div role=\"region\" aria-labelledby=\"e-n-accordion-item-1407\" class=\"elementor-element elementor-element-825c97f e-flex e-con-boxed e-con e-child\" data-id=\"825c97f\" data-element_type=\"container\" data-e-type=\"container\" data-settings=\"{&quot;jet_parallax_layout_list&quot;:[]}\">\n\t\t\t\t\t<div class=\"e-con-inner\">\n\t\t<div role=\"region\" aria-labelledby=\"e-n-accordion-item-1407\" class=\"elementor-element elementor-element-e4a207f e-con-full e-flex e-con e-child\" data-id=\"e4a207f\" data-element_type=\"container\" data-e-type=\"container\" data-settings=\"{&quot;jet_parallax_layout_list&quot;:[]}\">\n\t\t\t\t<div class=\"elementor-element elementor-element-80767fc elementor-widget elementor-widget-text-editor\" data-id=\"80767fc\" data-element_type=\"widget\" data-e-type=\"widget\" data-widget_type=\"text-editor.default\">\n\t\t\t\t<div class=\"elementor-widget-container\">\n\t\t\t\t\t\t\t\t\t<p>La Premier Padel vuelve a Buenos Aires, Argentina, del 11 al 17 de mayo de 2026. El evento se denomina oficialmente <strong data-start=\"2203\" data-end=\"2222\">P1 de Buenos Aires<\/strong>. <\/p>\t\t\t\t\t\t\t\t<\/div>\n\t\t\t\t<\/div>\n\t\t\t\t<\/div>\n\t\t\t\t\t<\/div>\n\t\t\t\t<\/div>\n\t\t\t\t\t<\/details>\n\t\t\t\t\t\t<details id=\"e-n-accordion-item-1408\" class=\"e-n-accordion-item\" >\n\t\t\t\t<summary class=\"e-n-accordion-item-title\" data-accordion-index=\"9\" tabindex=\"-1\" aria-expanded=\"false\" aria-controls=\"e-n-accordion-item-1408\" >\n\t\t\t\t\t<span class='e-n-accordion-item-title-header'><h3 class=\"e-n-accordion-item-title-text\"> \u00bfCu\u00e1ndo se celebra el torneo Premier de P\u00e1del en Asunci\u00f3n en 2026? <\/h3><\/span>\n\t\t\t\t\t\t\t<span class='e-n-accordion-item-title-icon'>\n\t\t\t<span class='e-opened' ><svg aria-hidden=\"true\" class=\"e-font-icon-svg e-fas-compress-alt\" viewBox=\"0 0 448 512\" xmlns=\"http:\/\/www.w3.org\/2000\/svg\"><path d=\"M4.686 427.314L104 328l-32.922-31.029C55.958 281.851 66.666 256 88.048 256h112C213.303 256 224 266.745 224 280v112c0 21.382-25.803 32.09-40.922 16.971L152 376l-99.314 99.314c-6.248 6.248-16.379 6.248-22.627 0L4.686 449.941c-6.248-6.248-6.248-16.379 0-22.627zM443.314 84.686L344 184l32.922 31.029c15.12 15.12 4.412 40.971-16.97 40.971h-112C234.697 256 224 245.255 224 232V120c0-21.382 25.803-32.09 40.922-16.971L296 136l99.314-99.314c6.248-6.248 16.379-6.248 22.627 0l25.373 25.373c6.248 6.248 6.248 16.379 0 22.627z\"><\/path><\/svg><\/span>\n\t\t\t<span class='e-closed'><svg aria-hidden=\"true\" class=\"e-font-icon-svg e-fas-arrow-right\" viewBox=\"0 0 448 512\" xmlns=\"http:\/\/www.w3.org\/2000\/svg\"><path d=\"M190.5 66.9l22.2-22.2c9.4-9.4 24.6-9.4 33.9 0L441 239c9.4 9.4 9.4 24.6 0 33.9L246.6 467.3c-9.4 9.4-24.6 9.4-33.9 0l-22.2-22.2c-9.5-9.5-9.3-25 .4-34.3L311.4 296H24c-13.3 0-24-10.7-24-24v-32c0-13.3 10.7-24 24-24h287.4L190.9 101.2c-9.8-9.3-10-24.8-.4-34.3z\"><\/path><\/svg><\/span>\n\t\t<\/span>\n\n\t\t\t\t\t\t<\/summary>\n\t\t\t\t<div role=\"region\" aria-labelledby=\"e-n-accordion-item-1408\" class=\"elementor-element elementor-element-41e9484 e-flex e-con-boxed e-con e-child\" data-id=\"41e9484\" data-element_type=\"container\" data-e-type=\"container\" data-settings=\"{&quot;jet_parallax_layout_list&quot;:[]}\">\n\t\t\t\t\t<div class=\"e-con-inner\">\n\t\t<div role=\"region\" aria-labelledby=\"e-n-accordion-item-1408\" class=\"elementor-element elementor-element-a08336c e-con-full e-flex e-con e-child\" data-id=\"a08336c\" data-element_type=\"container\" data-e-type=\"container\" data-settings=\"{&quot;jet_parallax_layout_list&quot;:[]}\">\n\t\t\t\t<div class=\"elementor-element elementor-element-fc528e3 elementor-widget elementor-widget-text-editor\" data-id=\"fc528e3\" data-element_type=\"widget\" data-e-type=\"widget\" data-widget_type=\"text-editor.default\">\n\t\t\t\t<div class=\"elementor-widget-container\">\n\t\t\t\t\t\t\t\t\t<p>The Asunci\u00f3n Premier Padel P2 event moves to 4 \u201310 May 2026, the week prior to Buenos Aires P1. <em>It was originally scheduled for the 18th to the 24th of May 2026.<\/em> This tournament is known as the <strong data-start=\"2437\" data-end=\"2452\">Asunci\u00f3n P2<\/strong>. <\/p>\t\t\t\t\t\t\t\t<\/div>\n\t\t\t\t<\/div>\n\t\t\t\t<\/div>\n\t\t\t\t\t<\/div>\n\t\t\t\t<\/div>\n\t\t\t\t\t<\/details>\n\t\t\t\t\t\t<details id=\"e-n-accordion-item-1409\" class=\"e-n-accordion-item\" >\n\t\t\t\t<summary class=\"e-n-accordion-item-title\" data-accordion-index=\"10\" tabindex=\"-1\" aria-expanded=\"false\" aria-controls=\"e-n-accordion-item-1409\" >\n\t\t\t\t\t<span class='e-n-accordion-item-title-header'><h3 class=\"e-n-accordion-item-title-text\"> \u00bfCu\u00e1ndo se celebra el Premier Padel Italy Major en 2026? <\/h3><\/span>\n\t\t\t\t\t\t\t<span class='e-n-accordion-item-title-icon'>\n\t\t\t<span class='e-opened' ><svg aria-hidden=\"true\" class=\"e-font-icon-svg e-fas-compress-alt\" viewBox=\"0 0 448 512\" xmlns=\"http:\/\/www.w3.org\/2000\/svg\"><path d=\"M4.686 427.314L104 328l-32.922-31.029C55.958 281.851 66.666 256 88.048 256h112C213.303 256 224 266.745 224 280v112c0 21.382-25.803 32.09-40.922 16.971L152 376l-99.314 99.314c-6.248 6.248-16.379 6.248-22.627 0L4.686 449.941c-6.248-6.248-6.248-16.379 0-22.627zM443.314 84.686L344 184l32.922 31.029c15.12 15.12 4.412 40.971-16.97 40.971h-112C234.697 256 224 245.255 224 232V120c0-21.382 25.803-32.09 40.922-16.971L296 136l99.314-99.314c6.248-6.248 16.379-6.248 22.627 0l25.373 25.373c6.248 6.248 6.248 16.379 0 22.627z\"><\/path><\/svg><\/span>\n\t\t\t<span class='e-closed'><svg aria-hidden=\"true\" class=\"e-font-icon-svg e-fas-arrow-right\" viewBox=\"0 0 448 512\" xmlns=\"http:\/\/www.w3.org\/2000\/svg\"><path d=\"M190.5 66.9l22.2-22.2c9.4-9.4 24.6-9.4 33.9 0L441 239c9.4 9.4 9.4 24.6 0 33.9L246.6 467.3c-9.4 9.4-24.6 9.4-33.9 0l-22.2-22.2c-9.5-9.5-9.3-25 .4-34.3L311.4 296H24c-13.3 0-24-10.7-24-24v-32c0-13.3 10.7-24 24-24h287.4L190.9 101.2c-9.8-9.3-10-24.8-.4-34.3z\"><\/path><\/svg><\/span>\n\t\t<\/span>\n\n\t\t\t\t\t\t<\/summary>\n\t\t\t\t<div role=\"region\" aria-labelledby=\"e-n-accordion-item-1409\" class=\"elementor-element elementor-element-c0b00d3 e-flex e-con-boxed e-con e-child\" data-id=\"c0b00d3\" data-element_type=\"container\" data-e-type=\"container\" data-settings=\"{&quot;jet_parallax_layout_list&quot;:[]}\">\n\t\t\t\t\t<div class=\"e-con-inner\">\n\t\t<div role=\"region\" aria-labelledby=\"e-n-accordion-item-1409\" class=\"elementor-element elementor-element-e8b4d7a e-con-full e-flex e-con e-child\" data-id=\"e8b4d7a\" data-element_type=\"container\" data-e-type=\"container\" data-settings=\"{&quot;jet_parallax_layout_list&quot;:[]}\">\n\t\t\t\t<div class=\"elementor-element elementor-element-bc302f2 elementor-widget elementor-widget-text-editor\" data-id=\"bc302f2\" data-element_type=\"widget\" data-e-type=\"widget\" data-widget_type=\"text-editor.default\">\n\t\t\t\t<div class=\"elementor-widget-container\">\n\t\t\t\t\t\t\t\t\t<p>El Major de Italia se celebra del 1 al 7 de junio de 2026 y es una de las pruebas m\u00e1s prestigiosas del calendario de la Premier Padel.<\/p>\t\t\t\t\t\t\t\t<\/div>\n\t\t\t\t<\/div>\n\t\t\t\t<\/div>\n\t\t\t\t\t<\/div>\n\t\t\t\t<\/div>\n\t\t\t\t\t<\/details>\n\t\t\t\t\t\t<details id=\"e-n-accordion-item-14010\" class=\"e-n-accordion-item\" >\n\t\t\t\t<summary class=\"e-n-accordion-item-title\" data-accordion-index=\"11\" tabindex=\"-1\" aria-expanded=\"false\" aria-controls=\"e-n-accordion-item-14010\" >\n\t\t\t\t\t<span class='e-n-accordion-item-title-header'><h3 class=\"e-n-accordion-item-title-text\"> \u00bfCu\u00e1ndo se celebra la Premier Padel en Valencia en 2026? <\/h3><\/span>\n\t\t\t\t\t\t\t<span class='e-n-accordion-item-title-icon'>\n\t\t\t<span class='e-opened' ><svg aria-hidden=\"true\" class=\"e-font-icon-svg e-fas-compress-alt\" viewBox=\"0 0 448 512\" xmlns=\"http:\/\/www.w3.org\/2000\/svg\"><path d=\"M4.686 427.314L104 328l-32.922-31.029C55.958 281.851 66.666 256 88.048 256h112C213.303 256 224 266.745 224 280v112c0 21.382-25.803 32.09-40.922 16.971L152 376l-99.314 99.314c-6.248 6.248-16.379 6.248-22.627 0L4.686 449.941c-6.248-6.248-6.248-16.379 0-22.627zM443.314 84.686L344 184l32.922 31.029c15.12 15.12 4.412 40.971-16.97 40.971h-112C234.697 256 224 245.255 224 232V120c0-21.382 25.803-32.09 40.922-16.971L296 136l99.314-99.314c6.248-6.248 16.379-6.248 22.627 0l25.373 25.373c6.248 6.248 6.248 16.379 0 22.627z\"><\/path><\/svg><\/span>\n\t\t\t<span class='e-closed'><svg aria-hidden=\"true\" class=\"e-font-icon-svg e-fas-arrow-right\" viewBox=\"0 0 448 512\" xmlns=\"http:\/\/www.w3.org\/2000\/svg\"><path d=\"M190.5 66.9l22.2-22.2c9.4-9.4 24.6-9.4 33.9 0L441 239c9.4 9.4 9.4 24.6 0 33.9L246.6 467.3c-9.4 9.4-24.6 9.4-33.9 0l-22.2-22.2c-9.5-9.5-9.3-25 .4-34.3L311.4 296H24c-13.3 0-24-10.7-24-24v-32c0-13.3 10.7-24 24-24h287.4L190.9 101.2c-9.8-9.3-10-24.8-.4-34.3z\"><\/path><\/svg><\/span>\n\t\t<\/span>\n\n\t\t\t\t\t\t<\/summary>\n\t\t\t\t<div role=\"region\" aria-labelledby=\"e-n-accordion-item-14010\" class=\"elementor-element elementor-element-b8aaeea e-flex e-con-boxed e-con e-child\" data-id=\"b8aaeea\" data-element_type=\"container\" data-e-type=\"container\" data-settings=\"{&quot;jet_parallax_layout_list&quot;:[]}\">\n\t\t\t\t\t<div class=\"e-con-inner\">\n\t\t<div role=\"region\" aria-labelledby=\"e-n-accordion-item-14010\" class=\"elementor-element elementor-element-ad80c22 e-con-full e-flex e-con e-child\" data-id=\"ad80c22\" data-element_type=\"container\" data-e-type=\"container\" data-settings=\"{&quot;jet_parallax_layout_list&quot;:[]}\">\n\t\t\t\t<div class=\"elementor-element elementor-element-af6ce0f elementor-widget elementor-widget-text-editor\" data-id=\"af6ce0f\" data-element_type=\"widget\" data-e-type=\"widget\" data-widget_type=\"text-editor.default\">\n\t\t\t\t<div class=\"elementor-widget-container\">\n\t\t\t\t\t\t\t\t\t<p>La Premier Padel se celebrar\u00e1 en Valencia, Espa\u00f1a, del 8 al 14 de junio de 2026. El torneo se denomina oficialmente <strong data-start=\"2886\" data-end=\"2901\">Valencia P1<\/strong>. <\/p>\t\t\t\t\t\t\t\t<\/div>\n\t\t\t\t<\/div>\n\t\t\t\t<\/div>\n\t\t\t\t\t<\/div>\n\t\t\t\t<\/div>\n\t\t\t\t\t<\/details>\n\t\t\t\t\t\t<details id=\"e-n-accordion-item-14011\" class=\"e-n-accordion-item\" >\n\t\t\t\t<summary class=\"e-n-accordion-item-title\" data-accordion-index=\"12\" tabindex=\"-1\" aria-expanded=\"false\" aria-controls=\"e-n-accordion-item-14011\" >\n\t\t\t\t\t<span class='e-n-accordion-item-title-header'><h3 class=\"e-n-accordion-item-title-text\"> \u00bfCu\u00e1ndo se celebra el torneo Premier Padel Valladolid en 2026? <\/h3><\/span>\n\t\t\t\t\t\t\t<span class='e-n-accordion-item-title-icon'>\n\t\t\t<span class='e-opened' ><svg aria-hidden=\"true\" class=\"e-font-icon-svg e-fas-compress-alt\" viewBox=\"0 0 448 512\" xmlns=\"http:\/\/www.w3.org\/2000\/svg\"><path d=\"M4.686 427.314L104 328l-32.922-31.029C55.958 281.851 66.666 256 88.048 256h112C213.303 256 224 266.745 224 280v112c0 21.382-25.803 32.09-40.922 16.971L152 376l-99.314 99.314c-6.248 6.248-16.379 6.248-22.627 0L4.686 449.941c-6.248-6.248-6.248-16.379 0-22.627zM443.314 84.686L344 184l32.922 31.029c15.12 15.12 4.412 40.971-16.97 40.971h-112C234.697 256 224 245.255 224 232V120c0-21.382 25.803-32.09 40.922-16.971L296 136l99.314-99.314c6.248-6.248 16.379-6.248 22.627 0l25.373 25.373c6.248 6.248 6.248 16.379 0 22.627z\"><\/path><\/svg><\/span>\n\t\t\t<span class='e-closed'><svg aria-hidden=\"true\" class=\"e-font-icon-svg e-fas-arrow-right\" viewBox=\"0 0 448 512\" xmlns=\"http:\/\/www.w3.org\/2000\/svg\"><path d=\"M190.5 66.9l22.2-22.2c9.4-9.4 24.6-9.4 33.9 0L441 239c9.4 9.4 9.4 24.6 0 33.9L246.6 467.3c-9.4 9.4-24.6 9.4-33.9 0l-22.2-22.2c-9.5-9.5-9.3-25 .4-34.3L311.4 296H24c-13.3 0-24-10.7-24-24v-32c0-13.3 10.7-24 24-24h287.4L190.9 101.2c-9.8-9.3-10-24.8-.4-34.3z\"><\/path><\/svg><\/span>\n\t\t<\/span>\n\n\t\t\t\t\t\t<\/summary>\n\t\t\t\t<div role=\"region\" aria-labelledby=\"e-n-accordion-item-14011\" class=\"elementor-element elementor-element-9da60d9 e-flex e-con-boxed e-con e-child\" data-id=\"9da60d9\" data-element_type=\"container\" data-e-type=\"container\" data-settings=\"{&quot;jet_parallax_layout_list&quot;:[]}\">\n\t\t\t\t\t<div class=\"e-con-inner\">\n\t\t<div role=\"region\" aria-labelledby=\"e-n-accordion-item-14011\" class=\"elementor-element elementor-element-effeffc e-con-full e-flex e-con e-child\" data-id=\"effeffc\" data-element_type=\"container\" data-e-type=\"container\" data-settings=\"{&quot;jet_parallax_layout_list&quot;:[]}\">\n\t\t\t\t<div class=\"elementor-element elementor-element-2125bad elementor-widget elementor-widget-text-editor\" data-id=\"2125bad\" data-element_type=\"widget\" data-e-type=\"widget\" data-widget_type=\"text-editor.default\">\n\t\t\t\t<div class=\"elementor-widget-container\">\n\t\t\t\t\t\t\t\t\t<p>El Valladolid Premier Padel se celebra del 22 al 28 de junio de 2026 y est\u00e1 clasificado como <strong data-start=\"3097\" data-end=\"3114\">Valladolid P2<\/strong>.<\/p>\t\t\t\t\t\t\t\t<\/div>\n\t\t\t\t<\/div>\n\t\t\t\t<\/div>\n\t\t\t\t\t<\/div>\n\t\t\t\t<\/div>\n\t\t\t\t\t<\/details>\n\t\t\t\t\t\t<details id=\"e-n-accordion-item-14012\" class=\"e-n-accordion-item\" >\n\t\t\t\t<summary class=\"e-n-accordion-item-title\" data-accordion-index=\"13\" tabindex=\"-1\" aria-expanded=\"false\" aria-controls=\"e-n-accordion-item-14012\" >\n\t\t\t\t\t<span class='e-n-accordion-item-title-header'><h3 class=\"e-n-accordion-item-title-text\"> \u00bfCu\u00e1ndo visita Burdeos el Premier Padel en 2026? <\/h3><\/span>\n\t\t\t\t\t\t\t<span class='e-n-accordion-item-title-icon'>\n\t\t\t<span class='e-opened' ><svg aria-hidden=\"true\" class=\"e-font-icon-svg e-fas-compress-alt\" viewBox=\"0 0 448 512\" xmlns=\"http:\/\/www.w3.org\/2000\/svg\"><path d=\"M4.686 427.314L104 328l-32.922-31.029C55.958 281.851 66.666 256 88.048 256h112C213.303 256 224 266.745 224 280v112c0 21.382-25.803 32.09-40.922 16.971L152 376l-99.314 99.314c-6.248 6.248-16.379 6.248-22.627 0L4.686 449.941c-6.248-6.248-6.248-16.379 0-22.627zM443.314 84.686L344 184l32.922 31.029c15.12 15.12 4.412 40.971-16.97 40.971h-112C234.697 256 224 245.255 224 232V120c0-21.382 25.803-32.09 40.922-16.971L296 136l99.314-99.314c6.248-6.248 16.379-6.248 22.627 0l25.373 25.373c6.248 6.248 6.248 16.379 0 22.627z\"><\/path><\/svg><\/span>\n\t\t\t<span class='e-closed'><svg aria-hidden=\"true\" class=\"e-font-icon-svg e-fas-arrow-right\" viewBox=\"0 0 448 512\" xmlns=\"http:\/\/www.w3.org\/2000\/svg\"><path d=\"M190.5 66.9l22.2-22.2c9.4-9.4 24.6-9.4 33.9 0L441 239c9.4 9.4 9.4 24.6 0 33.9L246.6 467.3c-9.4 9.4-24.6 9.4-33.9 0l-22.2-22.2c-9.5-9.5-9.3-25 .4-34.3L311.4 296H24c-13.3 0-24-10.7-24-24v-32c0-13.3 10.7-24 24-24h287.4L190.9 101.2c-9.8-9.3-10-24.8-.4-34.3z\"><\/path><\/svg><\/span>\n\t\t<\/span>\n\n\t\t\t\t\t\t<\/summary>\n\t\t\t\t<div role=\"region\" aria-labelledby=\"e-n-accordion-item-14012\" class=\"elementor-element elementor-element-c901ca6 e-flex e-con-boxed e-con e-child\" data-id=\"c901ca6\" data-element_type=\"container\" data-e-type=\"container\" data-settings=\"{&quot;jet_parallax_layout_list&quot;:[]}\">\n\t\t\t\t\t<div class=\"e-con-inner\">\n\t\t<div role=\"region\" aria-labelledby=\"e-n-accordion-item-14012\" class=\"elementor-element elementor-element-5caac06 e-con-full e-flex e-con e-child\" data-id=\"5caac06\" data-element_type=\"container\" data-e-type=\"container\" data-settings=\"{&quot;jet_parallax_layout_list&quot;:[]}\">\n\t\t\t\t<div class=\"elementor-element elementor-element-ebfbd5f elementor-widget elementor-widget-text-editor\" data-id=\"ebfbd5f\" data-element_type=\"widget\" data-e-type=\"widget\" data-widget_type=\"text-editor.default\">\n\t\t\t\t<div class=\"elementor-widget-container\">\n\t\t\t\t\t\t\t\t\t<p>La Premier Padel se traslada a Burdeos, Francia, del 29 de junio al 5 de julio de 2026. Este evento se conoce oficialmente como <strong data-start=\"3322\" data-end=\"3337\">Burdeos P2<\/strong>. <\/p>\t\t\t\t\t\t\t\t<\/div>\n\t\t\t\t<\/div>\n\t\t\t\t<\/div>\n\t\t\t\t\t<\/div>\n\t\t\t\t<\/div>\n\t\t\t\t\t<\/details>\n\t\t\t\t\t\t<details id=\"e-n-accordion-item-14013\" class=\"e-n-accordion-item\" >\n\t\t\t\t<summary class=\"e-n-accordion-item-title\" data-accordion-index=\"14\" tabindex=\"-1\" aria-expanded=\"false\" aria-controls=\"e-n-accordion-item-14013\" >\n\t\t\t\t\t<span class='e-n-accordion-item-title-header'><h3 class=\"e-n-accordion-item-title-text\"> \u00bfCu\u00e1ndo se celebra la prueba Premier Padel M\u00e1laga en 2026? <\/h3><\/span>\n\t\t\t\t\t\t\t<span class='e-n-accordion-item-title-icon'>\n\t\t\t<span class='e-opened' ><svg aria-hidden=\"true\" class=\"e-font-icon-svg e-fas-compress-alt\" viewBox=\"0 0 448 512\" xmlns=\"http:\/\/www.w3.org\/2000\/svg\"><path d=\"M4.686 427.314L104 328l-32.922-31.029C55.958 281.851 66.666 256 88.048 256h112C213.303 256 224 266.745 224 280v112c0 21.382-25.803 32.09-40.922 16.971L152 376l-99.314 99.314c-6.248 6.248-16.379 6.248-22.627 0L4.686 449.941c-6.248-6.248-6.248-16.379 0-22.627zM443.314 84.686L344 184l32.922 31.029c15.12 15.12 4.412 40.971-16.97 40.971h-112C234.697 256 224 245.255 224 232V120c0-21.382 25.803-32.09 40.922-16.971L296 136l99.314-99.314c6.248-6.248 16.379-6.248 22.627 0l25.373 25.373c6.248 6.248 6.248 16.379 0 22.627z\"><\/path><\/svg><\/span>\n\t\t\t<span class='e-closed'><svg aria-hidden=\"true\" class=\"e-font-icon-svg e-fas-arrow-right\" viewBox=\"0 0 448 512\" xmlns=\"http:\/\/www.w3.org\/2000\/svg\"><path d=\"M190.5 66.9l22.2-22.2c9.4-9.4 24.6-9.4 33.9 0L441 239c9.4 9.4 9.4 24.6 0 33.9L246.6 467.3c-9.4 9.4-24.6 9.4-33.9 0l-22.2-22.2c-9.5-9.5-9.3-25 .4-34.3L311.4 296H24c-13.3 0-24-10.7-24-24v-32c0-13.3 10.7-24 24-24h287.4L190.9 101.2c-9.8-9.3-10-24.8-.4-34.3z\"><\/path><\/svg><\/span>\n\t\t<\/span>\n\n\t\t\t\t\t\t<\/summary>\n\t\t\t\t<div role=\"region\" aria-labelledby=\"e-n-accordion-item-14013\" class=\"elementor-element elementor-element-3dc59f7 e-flex e-con-boxed e-con e-child\" data-id=\"3dc59f7\" data-element_type=\"container\" data-e-type=\"container\" data-settings=\"{&quot;jet_parallax_layout_list&quot;:[]}\">\n\t\t\t\t\t<div class=\"e-con-inner\">\n\t\t<div role=\"region\" aria-labelledby=\"e-n-accordion-item-14013\" class=\"elementor-element elementor-element-34854e7 e-con-full e-flex e-con e-child\" data-id=\"34854e7\" data-element_type=\"container\" data-e-type=\"container\" data-settings=\"{&quot;jet_parallax_layout_list&quot;:[]}\">\n\t\t\t\t<div class=\"elementor-element elementor-element-0cec91b elementor-widget elementor-widget-text-editor\" data-id=\"0cec91b\" data-element_type=\"widget\" data-e-type=\"widget\" data-widget_type=\"text-editor.default\">\n\t\t\t\t<div class=\"elementor-widget-container\">\n\t\t\t\t\t\t\t\t\t<p>La parada de M\u00e1laga del Premier Padel Tour tendr\u00e1 lugar entre el 13 y el 19 de julio de 2026. Se denomina oficialmente <strong data-start=\"3542\" data-end=\"3555\">M\u00e1laga P1<\/strong>. <\/p>\t\t\t\t\t\t\t\t<\/div>\n\t\t\t\t<\/div>\n\t\t\t\t<\/div>\n\t\t\t\t\t<\/div>\n\t\t\t\t<\/div>\n\t\t\t\t\t<\/details>\n\t\t\t\t\t\t<details id=\"e-n-accordion-item-14014\" class=\"e-n-accordion-item\" >\n\t\t\t\t<summary class=\"e-n-accordion-item-title\" data-accordion-index=\"15\" tabindex=\"-1\" aria-expanded=\"false\" aria-controls=\"e-n-accordion-item-14014\" >\n\t\t\t\t\t<span class='e-n-accordion-item-title-header'><h3 class=\"e-n-accordion-item-title-text\"> \u00bfCu\u00e1ndo se juega la Premier Padel en Pretoria en 2026? <\/h3><\/span>\n\t\t\t\t\t\t\t<span class='e-n-accordion-item-title-icon'>\n\t\t\t<span class='e-opened' ><svg aria-hidden=\"true\" class=\"e-font-icon-svg e-fas-compress-alt\" viewBox=\"0 0 448 512\" xmlns=\"http:\/\/www.w3.org\/2000\/svg\"><path d=\"M4.686 427.314L104 328l-32.922-31.029C55.958 281.851 66.666 256 88.048 256h112C213.303 256 224 266.745 224 280v112c0 21.382-25.803 32.09-40.922 16.971L152 376l-99.314 99.314c-6.248 6.248-16.379 6.248-22.627 0L4.686 449.941c-6.248-6.248-6.248-16.379 0-22.627zM443.314 84.686L344 184l32.922 31.029c15.12 15.12 4.412 40.971-16.97 40.971h-112C234.697 256 224 245.255 224 232V120c0-21.382 25.803-32.09 40.922-16.971L296 136l99.314-99.314c6.248-6.248 16.379-6.248 22.627 0l25.373 25.373c6.248 6.248 6.248 16.379 0 22.627z\"><\/path><\/svg><\/span>\n\t\t\t<span class='e-closed'><svg aria-hidden=\"true\" class=\"e-font-icon-svg e-fas-arrow-right\" viewBox=\"0 0 448 512\" xmlns=\"http:\/\/www.w3.org\/2000\/svg\"><path d=\"M190.5 66.9l22.2-22.2c9.4-9.4 24.6-9.4 33.9 0L441 239c9.4 9.4 9.4 24.6 0 33.9L246.6 467.3c-9.4 9.4-24.6 9.4-33.9 0l-22.2-22.2c-9.5-9.5-9.3-25 .4-34.3L311.4 296H24c-13.3 0-24-10.7-24-24v-32c0-13.3 10.7-24 24-24h287.4L190.9 101.2c-9.8-9.3-10-24.8-.4-34.3z\"><\/path><\/svg><\/span>\n\t\t<\/span>\n\n\t\t\t\t\t\t<\/summary>\n\t\t\t\t<div role=\"region\" aria-labelledby=\"e-n-accordion-item-14014\" class=\"elementor-element elementor-element-a712dcb e-flex e-con-boxed e-con e-child\" data-id=\"a712dcb\" data-element_type=\"container\" data-e-type=\"container\" data-settings=\"{&quot;jet_parallax_layout_list&quot;:[]}\">\n\t\t\t\t\t<div class=\"e-con-inner\">\n\t\t<div role=\"region\" aria-labelledby=\"e-n-accordion-item-14014\" class=\"elementor-element elementor-element-eec2efc e-con-full e-flex e-con e-child\" data-id=\"eec2efc\" data-element_type=\"container\" data-e-type=\"container\" data-settings=\"{&quot;jet_parallax_layout_list&quot;:[]}\">\n\t\t\t\t<div class=\"elementor-element elementor-element-88543ec elementor-widget elementor-widget-text-editor\" data-id=\"88543ec\" data-element_type=\"widget\" data-e-type=\"widget\" data-widget_type=\"text-editor.default\">\n\t\t\t\t<div class=\"elementor-widget-container\">\n\t\t\t\t\t\t\t\t\t<p>Premier Padel debuta en Sud\u00e1frica, en Pretoria, del 27 de julio al 2 de agosto de 2026. El torneo se denomina <strong data-start=\"3774\" data-end=\"3789\">Pretoria P2<\/strong>. <\/p>\t\t\t\t\t\t\t\t<\/div>\n\t\t\t\t<\/div>\n\t\t\t\t<\/div>\n\t\t\t\t\t<\/div>\n\t\t\t\t<\/div>\n\t\t\t\t\t<\/details>\n\t\t\t\t\t\t<details id=\"e-n-accordion-item-14015\" class=\"e-n-accordion-item\" >\n\t\t\t\t<summary class=\"e-n-accordion-item-title\" data-accordion-index=\"16\" tabindex=\"-1\" aria-expanded=\"false\" aria-controls=\"e-n-accordion-item-14015\" >\n\t\t\t\t\t<span class='e-n-accordion-item-title-header'><h3 class=\"e-n-accordion-item-title-text\"> \u00bfCu\u00e1ndo llega Premier Padel a Londres en 2026? <\/h3><\/span>\n\t\t\t\t\t\t\t<span class='e-n-accordion-item-title-icon'>\n\t\t\t<span class='e-opened' ><svg aria-hidden=\"true\" class=\"e-font-icon-svg e-fas-compress-alt\" viewBox=\"0 0 448 512\" xmlns=\"http:\/\/www.w3.org\/2000\/svg\"><path d=\"M4.686 427.314L104 328l-32.922-31.029C55.958 281.851 66.666 256 88.048 256h112C213.303 256 224 266.745 224 280v112c0 21.382-25.803 32.09-40.922 16.971L152 376l-99.314 99.314c-6.248 6.248-16.379 6.248-22.627 0L4.686 449.941c-6.248-6.248-6.248-16.379 0-22.627zM443.314 84.686L344 184l32.922 31.029c15.12 15.12 4.412 40.971-16.97 40.971h-112C234.697 256 224 245.255 224 232V120c0-21.382 25.803-32.09 40.922-16.971L296 136l99.314-99.314c6.248-6.248 16.379-6.248 22.627 0l25.373 25.373c6.248 6.248 6.248 16.379 0 22.627z\"><\/path><\/svg><\/span>\n\t\t\t<span class='e-closed'><svg aria-hidden=\"true\" class=\"e-font-icon-svg e-fas-arrow-right\" viewBox=\"0 0 448 512\" xmlns=\"http:\/\/www.w3.org\/2000\/svg\"><path d=\"M190.5 66.9l22.2-22.2c9.4-9.4 24.6-9.4 33.9 0L441 239c9.4 9.4 9.4 24.6 0 33.9L246.6 467.3c-9.4 9.4-24.6 9.4-33.9 0l-22.2-22.2c-9.5-9.5-9.3-25 .4-34.3L311.4 296H24c-13.3 0-24-10.7-24-24v-32c0-13.3 10.7-24 24-24h287.4L190.9 101.2c-9.8-9.3-10-24.8-.4-34.3z\"><\/path><\/svg><\/span>\n\t\t<\/span>\n\n\t\t\t\t\t\t<\/summary>\n\t\t\t\t<div role=\"region\" aria-labelledby=\"e-n-accordion-item-14015\" class=\"elementor-element elementor-element-500d926 e-flex e-con-boxed e-con e-child\" data-id=\"500d926\" data-element_type=\"container\" data-e-type=\"container\" data-settings=\"{&quot;jet_parallax_layout_list&quot;:[]}\">\n\t\t\t\t\t<div class=\"e-con-inner\">\n\t\t<div role=\"region\" aria-labelledby=\"e-n-accordion-item-14015\" class=\"elementor-element elementor-element-58a2ee8 e-con-full e-flex e-con e-child\" data-id=\"58a2ee8\" data-element_type=\"container\" data-e-type=\"container\" data-settings=\"{&quot;jet_parallax_layout_list&quot;:[]}\">\n\t\t\t\t<div class=\"elementor-element elementor-element-00557b9 elementor-widget elementor-widget-text-editor\" data-id=\"00557b9\" data-element_type=\"widget\" data-e-type=\"widget\" data-widget_type=\"text-editor.default\">\n\t\t\t\t<div class=\"elementor-widget-container\">\n\t\t\t\t\t\t\t\t\t<p>El Premier Padel Tour llega a Londres del 3 al 9 de agosto de 2026. Este evento se conoce oficialmente como el <strong data-start=\"3991\" data-end=\"4004\">London P1<\/strong>. <\/p>\t\t\t\t\t\t\t\t<\/div>\n\t\t\t\t<\/div>\n\t\t\t\t<\/div>\n\t\t\t\t\t<\/div>\n\t\t\t\t<\/div>\n\t\t\t\t\t<\/details>\n\t\t\t\t\t\t<details id=\"e-n-accordion-item-14016\" class=\"e-n-accordion-item\" >\n\t\t\t\t<summary class=\"e-n-accordion-item-title\" data-accordion-index=\"17\" tabindex=\"-1\" aria-expanded=\"false\" aria-controls=\"e-n-accordion-item-14016\" >\n\t\t\t\t\t<span class='e-n-accordion-item-title-header'><h3 class=\"e-n-accordion-item-title-text\"> \u00bfCu\u00e1ndo se celebran los Juegos Mediterr\u00e1neos de P\u00e1del en 2026? <\/h3><\/span>\n\t\t\t\t\t\t\t<span class='e-n-accordion-item-title-icon'>\n\t\t\t<span class='e-opened' ><svg aria-hidden=\"true\" class=\"e-font-icon-svg e-fas-compress-alt\" viewBox=\"0 0 448 512\" xmlns=\"http:\/\/www.w3.org\/2000\/svg\"><path d=\"M4.686 427.314L104 328l-32.922-31.029C55.958 281.851 66.666 256 88.048 256h112C213.303 256 224 266.745 224 280v112c0 21.382-25.803 32.09-40.922 16.971L152 376l-99.314 99.314c-6.248 6.248-16.379 6.248-22.627 0L4.686 449.941c-6.248-6.248-6.248-16.379 0-22.627zM443.314 84.686L344 184l32.922 31.029c15.12 15.12 4.412 40.971-16.97 40.971h-112C234.697 256 224 245.255 224 232V120c0-21.382 25.803-32.09 40.922-16.971L296 136l99.314-99.314c6.248-6.248 16.379-6.248 22.627 0l25.373 25.373c6.248 6.248 6.248 16.379 0 22.627z\"><\/path><\/svg><\/span>\n\t\t\t<span class='e-closed'><svg aria-hidden=\"true\" class=\"e-font-icon-svg e-fas-arrow-right\" viewBox=\"0 0 448 512\" xmlns=\"http:\/\/www.w3.org\/2000\/svg\"><path d=\"M190.5 66.9l22.2-22.2c9.4-9.4 24.6-9.4 33.9 0L441 239c9.4 9.4 9.4 24.6 0 33.9L246.6 467.3c-9.4 9.4-24.6 9.4-33.9 0l-22.2-22.2c-9.5-9.5-9.3-25 .4-34.3L311.4 296H24c-13.3 0-24-10.7-24-24v-32c0-13.3 10.7-24 24-24h287.4L190.9 101.2c-9.8-9.3-10-24.8-.4-34.3z\"><\/path><\/svg><\/span>\n\t\t<\/span>\n\n\t\t\t\t\t\t<\/summary>\n\t\t\t\t<div role=\"region\" aria-labelledby=\"e-n-accordion-item-14016\" class=\"elementor-element elementor-element-c9903e1 e-flex e-con-boxed e-con e-child\" data-id=\"c9903e1\" data-element_type=\"container\" data-e-type=\"container\" data-settings=\"{&quot;jet_parallax_layout_list&quot;:[]}\">\n\t\t\t\t\t<div class=\"e-con-inner\">\n\t\t<div role=\"region\" aria-labelledby=\"e-n-accordion-item-14016\" class=\"elementor-element elementor-element-f7228ca e-con-full e-flex e-con e-child\" data-id=\"f7228ca\" data-element_type=\"container\" data-e-type=\"container\" data-settings=\"{&quot;jet_parallax_layout_list&quot;:[]}\">\n\t\t\t\t<div class=\"elementor-element elementor-element-aba385f elementor-widget elementor-widget-text-editor\" data-id=\"aba385f\" data-element_type=\"widget\" data-e-type=\"widget\" data-widget_type=\"text-editor.default\">\n\t\t\t\t<div class=\"elementor-widget-container\">\n\t\t\t\t\t\t\t\t\t<p>Est\u00e1 previsto que los Juegos Mediterr\u00e1neos de P\u00e1del se celebren del 24 al 30 de agosto de 2026, como parte del amplio calendario del Tour.<\/p>\t\t\t\t\t\t\t\t<\/div>\n\t\t\t\t<\/div>\n\t\t\t\t<\/div>\n\t\t\t\t\t<\/div>\n\t\t\t\t<\/div>\n\t\t\t\t\t<\/details>\n\t\t\t\t\t\t<details id=\"e-n-accordion-item-14017\" class=\"e-n-accordion-item\" >\n\t\t\t\t<summary class=\"e-n-accordion-item-title\" data-accordion-index=\"18\" tabindex=\"-1\" aria-expanded=\"false\" aria-controls=\"e-n-accordion-item-14017\" >\n\t\t\t\t\t<span class='e-n-accordion-item-title-header'><h3 class=\"e-n-accordion-item-title-text\"> \u00bfCu\u00e1ndo se celebra el torneo Premier Padel Madrid en 2026? <\/h3><\/span>\n\t\t\t\t\t\t\t<span class='e-n-accordion-item-title-icon'>\n\t\t\t<span class='e-opened' ><svg aria-hidden=\"true\" class=\"e-font-icon-svg e-fas-compress-alt\" viewBox=\"0 0 448 512\" xmlns=\"http:\/\/www.w3.org\/2000\/svg\"><path d=\"M4.686 427.314L104 328l-32.922-31.029C55.958 281.851 66.666 256 88.048 256h112C213.303 256 224 266.745 224 280v112c0 21.382-25.803 32.09-40.922 16.971L152 376l-99.314 99.314c-6.248 6.248-16.379 6.248-22.627 0L4.686 449.941c-6.248-6.248-6.248-16.379 0-22.627zM443.314 84.686L344 184l32.922 31.029c15.12 15.12 4.412 40.971-16.97 40.971h-112C234.697 256 224 245.255 224 232V120c0-21.382 25.803-32.09 40.922-16.971L296 136l99.314-99.314c6.248-6.248 16.379-6.248 22.627 0l25.373 25.373c6.248 6.248 6.248 16.379 0 22.627z\"><\/path><\/svg><\/span>\n\t\t\t<span class='e-closed'><svg aria-hidden=\"true\" class=\"e-font-icon-svg e-fas-arrow-right\" viewBox=\"0 0 448 512\" xmlns=\"http:\/\/www.w3.org\/2000\/svg\"><path d=\"M190.5 66.9l22.2-22.2c9.4-9.4 24.6-9.4 33.9 0L441 239c9.4 9.4 9.4 24.6 0 33.9L246.6 467.3c-9.4 9.4-24.6 9.4-33.9 0l-22.2-22.2c-9.5-9.5-9.3-25 .4-34.3L311.4 296H24c-13.3 0-24-10.7-24-24v-32c0-13.3 10.7-24 24-24h287.4L190.9 101.2c-9.8-9.3-10-24.8-.4-34.3z\"><\/path><\/svg><\/span>\n\t\t<\/span>\n\n\t\t\t\t\t\t<\/summary>\n\t\t\t\t<div role=\"region\" aria-labelledby=\"e-n-accordion-item-14017\" class=\"elementor-element elementor-element-2575dae e-flex e-con-boxed e-con e-child\" data-id=\"2575dae\" data-element_type=\"container\" data-e-type=\"container\" data-settings=\"{&quot;jet_parallax_layout_list&quot;:[]}\">\n\t\t\t\t\t<div class=\"e-con-inner\">\n\t\t<div role=\"region\" aria-labelledby=\"e-n-accordion-item-14017\" class=\"elementor-element elementor-element-6c98b01 e-con-full e-flex e-con e-child\" data-id=\"6c98b01\" data-element_type=\"container\" data-e-type=\"container\" data-settings=\"{&quot;jet_parallax_layout_list&quot;:[]}\">\n\t\t\t\t<div class=\"elementor-element elementor-element-1de9157 elementor-widget elementor-widget-text-editor\" data-id=\"1de9157\" data-element_type=\"widget\" data-e-type=\"widget\" data-widget_type=\"text-editor.default\">\n\t\t\t\t<div class=\"elementor-widget-container\">\n\t\t\t\t\t\t\t\t\t<p>La Premier Padel se celebrar\u00e1 en Madrid del 31 de agosto al 6 de septiembre de 2026. El evento se denomina oficialmente <strong data-start=\"4443\" data-end=\"4456\">Madrid P1<\/strong>. <\/p>\t\t\t\t\t\t\t\t<\/div>\n\t\t\t\t<\/div>\n\t\t\t\t<\/div>\n\t\t\t\t\t<\/div>\n\t\t\t\t<\/div>\n\t\t\t\t\t<\/details>\n\t\t\t\t\t\t<details id=\"e-n-accordion-item-14018\" class=\"e-n-accordion-item\" >\n\t\t\t\t<summary class=\"e-n-accordion-item-title\" data-accordion-index=\"19\" tabindex=\"-1\" aria-expanded=\"false\" aria-controls=\"e-n-accordion-item-14018\" >\n\t\t\t\t\t<span class='e-n-accordion-item-title-header'><h3 class=\"e-n-accordion-item-title-text\"> \u00bfCu\u00e1ndo se celebra el Premier Padel Paris Major en 2026? <\/h3><\/span>\n\t\t\t\t\t\t\t<span class='e-n-accordion-item-title-icon'>\n\t\t\t<span class='e-opened' ><svg aria-hidden=\"true\" class=\"e-font-icon-svg e-fas-compress-alt\" viewBox=\"0 0 448 512\" xmlns=\"http:\/\/www.w3.org\/2000\/svg\"><path d=\"M4.686 427.314L104 328l-32.922-31.029C55.958 281.851 66.666 256 88.048 256h112C213.303 256 224 266.745 224 280v112c0 21.382-25.803 32.09-40.922 16.971L152 376l-99.314 99.314c-6.248 6.248-16.379 6.248-22.627 0L4.686 449.941c-6.248-6.248-6.248-16.379 0-22.627zM443.314 84.686L344 184l32.922 31.029c15.12 15.12 4.412 40.971-16.97 40.971h-112C234.697 256 224 245.255 224 232V120c0-21.382 25.803-32.09 40.922-16.971L296 136l99.314-99.314c6.248-6.248 16.379-6.248 22.627 0l25.373 25.373c6.248 6.248 6.248 16.379 0 22.627z\"><\/path><\/svg><\/span>\n\t\t\t<span class='e-closed'><svg aria-hidden=\"true\" class=\"e-font-icon-svg e-fas-arrow-right\" viewBox=\"0 0 448 512\" xmlns=\"http:\/\/www.w3.org\/2000\/svg\"><path d=\"M190.5 66.9l22.2-22.2c9.4-9.4 24.6-9.4 33.9 0L441 239c9.4 9.4 9.4 24.6 0 33.9L246.6 467.3c-9.4 9.4-24.6 9.4-33.9 0l-22.2-22.2c-9.5-9.5-9.3-25 .4-34.3L311.4 296H24c-13.3 0-24-10.7-24-24v-32c0-13.3 10.7-24 24-24h287.4L190.9 101.2c-9.8-9.3-10-24.8-.4-34.3z\"><\/path><\/svg><\/span>\n\t\t<\/span>\n\n\t\t\t\t\t\t<\/summary>\n\t\t\t\t<div role=\"region\" aria-labelledby=\"e-n-accordion-item-14018\" class=\"elementor-element elementor-element-26687c0 e-flex e-con-boxed e-con e-child\" data-id=\"26687c0\" data-element_type=\"container\" data-e-type=\"container\" data-settings=\"{&quot;jet_parallax_layout_list&quot;:[]}\">\n\t\t\t\t\t<div class=\"e-con-inner\">\n\t\t<div role=\"region\" aria-labelledby=\"e-n-accordion-item-14018\" class=\"elementor-element elementor-element-3d28842 e-con-full e-flex e-con e-child\" data-id=\"3d28842\" data-element_type=\"container\" data-e-type=\"container\" data-settings=\"{&quot;jet_parallax_layout_list&quot;:[]}\">\n\t\t\t\t<div class=\"elementor-element elementor-element-e19283d elementor-widget elementor-widget-text-editor\" data-id=\"e19283d\" data-element_type=\"widget\" data-e-type=\"widget\" data-widget_type=\"text-editor.default\">\n\t\t\t\t<div class=\"elementor-widget-container\">\n\t\t\t\t\t\t\t\t\t<p>El Major de Par\u00eds est\u00e1 programado del 7 al 13 de septiembre de 2026 y es uno de los torneos de m\u00e1s alto nivel del Premier Padel Tour.<\/p>\t\t\t\t\t\t\t\t<\/div>\n\t\t\t\t<\/div>\n\t\t\t\t<\/div>\n\t\t\t\t\t<\/div>\n\t\t\t\t<\/div>\n\t\t\t\t\t<\/details>\n\t\t\t\t\t\t<details id=\"e-n-accordion-item-14019\" class=\"e-n-accordion-item\" >\n\t\t\t\t<summary class=\"e-n-accordion-item-title\" data-accordion-index=\"20\" tabindex=\"-1\" aria-expanded=\"false\" aria-controls=\"e-n-accordion-item-14019\" >\n\t\t\t\t\t<span class='e-n-accordion-item-title-header'><h3 class=\"e-n-accordion-item-title-text\"> \u00bfCu\u00e1ndo se celebra la prueba Premier Padel Europe P2 en 2026? <\/h3><\/span>\n\t\t\t\t\t\t\t<span class='e-n-accordion-item-title-icon'>\n\t\t\t<span class='e-opened' ><svg aria-hidden=\"true\" class=\"e-font-icon-svg e-fas-compress-alt\" viewBox=\"0 0 448 512\" xmlns=\"http:\/\/www.w3.org\/2000\/svg\"><path d=\"M4.686 427.314L104 328l-32.922-31.029C55.958 281.851 66.666 256 88.048 256h112C213.303 256 224 266.745 224 280v112c0 21.382-25.803 32.09-40.922 16.971L152 376l-99.314 99.314c-6.248 6.248-16.379 6.248-22.627 0L4.686 449.941c-6.248-6.248-6.248-16.379 0-22.627zM443.314 84.686L344 184l32.922 31.029c15.12 15.12 4.412 40.971-16.97 40.971h-112C234.697 256 224 245.255 224 232V120c0-21.382 25.803-32.09 40.922-16.971L296 136l99.314-99.314c6.248-6.248 16.379-6.248 22.627 0l25.373 25.373c6.248 6.248 6.248 16.379 0 22.627z\"><\/path><\/svg><\/span>\n\t\t\t<span class='e-closed'><svg aria-hidden=\"true\" class=\"e-font-icon-svg e-fas-arrow-right\" viewBox=\"0 0 448 512\" xmlns=\"http:\/\/www.w3.org\/2000\/svg\"><path d=\"M190.5 66.9l22.2-22.2c9.4-9.4 24.6-9.4 33.9 0L441 239c9.4 9.4 9.4 24.6 0 33.9L246.6 467.3c-9.4 9.4-24.6 9.4-33.9 0l-22.2-22.2c-9.5-9.5-9.3-25 .4-34.3L311.4 296H24c-13.3 0-24-10.7-24-24v-32c0-13.3 10.7-24 24-24h287.4L190.9 101.2c-9.8-9.3-10-24.8-.4-34.3z\"><\/path><\/svg><\/span>\n\t\t<\/span>\n\n\t\t\t\t\t\t<\/summary>\n\t\t\t\t<div role=\"region\" aria-labelledby=\"e-n-accordion-item-14019\" class=\"elementor-element elementor-element-26f2f41 e-flex e-con-boxed e-con e-child\" data-id=\"26f2f41\" data-element_type=\"container\" data-e-type=\"container\" data-settings=\"{&quot;jet_parallax_layout_list&quot;:[]}\">\n\t\t\t\t\t<div class=\"e-con-inner\">\n\t\t<div role=\"region\" aria-labelledby=\"e-n-accordion-item-14019\" class=\"elementor-element elementor-element-39bd344 e-con-full e-flex e-con e-child\" data-id=\"39bd344\" data-element_type=\"container\" data-e-type=\"container\" data-settings=\"{&quot;jet_parallax_layout_list&quot;:[]}\">\n\t\t\t\t<div class=\"elementor-element elementor-element-7d24577 elementor-widget elementor-widget-text-editor\" data-id=\"7d24577\" data-element_type=\"widget\" data-e-type=\"widget\" data-widget_type=\"text-editor.default\">\n\t\t\t\t<div class=\"elementor-widget-container\">\n\t\t\t\t\t\t\t\t\t<p>El torneo Europa P2 se celebrar\u00e1 del 14 al 20 de septiembre de 2026, con la ciudad anfitriona a\u00fan por confirmar.<\/p>\t\t\t\t\t\t\t\t<\/div>\n\t\t\t\t<\/div>\n\t\t\t\t<\/div>\n\t\t\t\t\t<\/div>\n\t\t\t\t<\/div>\n\t\t\t\t\t<\/details>\n\t\t\t\t\t\t<details id=\"e-n-accordion-item-14020\" class=\"e-n-accordion-item\" >\n\t\t\t\t<summary class=\"e-n-accordion-item-title\" data-accordion-index=\"21\" tabindex=\"-1\" aria-expanded=\"false\" aria-controls=\"e-n-accordion-item-14020\" >\n\t\t\t\t\t<span class='e-n-accordion-item-title-header'><h3 class=\"e-n-accordion-item-title-text\"> \u00bfCu\u00e1ndo se celebra la Premier Padel en Rotterdam en 2026? <\/h3><\/span>\n\t\t\t\t\t\t\t<span class='e-n-accordion-item-title-icon'>\n\t\t\t<span class='e-opened' ><svg aria-hidden=\"true\" class=\"e-font-icon-svg e-fas-compress-alt\" viewBox=\"0 0 448 512\" xmlns=\"http:\/\/www.w3.org\/2000\/svg\"><path d=\"M4.686 427.314L104 328l-32.922-31.029C55.958 281.851 66.666 256 88.048 256h112C213.303 256 224 266.745 224 280v112c0 21.382-25.803 32.09-40.922 16.971L152 376l-99.314 99.314c-6.248 6.248-16.379 6.248-22.627 0L4.686 449.941c-6.248-6.248-6.248-16.379 0-22.627zM443.314 84.686L344 184l32.922 31.029c15.12 15.12 4.412 40.971-16.97 40.971h-112C234.697 256 224 245.255 224 232V120c0-21.382 25.803-32.09 40.922-16.971L296 136l99.314-99.314c6.248-6.248 16.379-6.248 22.627 0l25.373 25.373c6.248 6.248 6.248 16.379 0 22.627z\"><\/path><\/svg><\/span>\n\t\t\t<span class='e-closed'><svg aria-hidden=\"true\" class=\"e-font-icon-svg e-fas-arrow-right\" viewBox=\"0 0 448 512\" xmlns=\"http:\/\/www.w3.org\/2000\/svg\"><path d=\"M190.5 66.9l22.2-22.2c9.4-9.4 24.6-9.4 33.9 0L441 239c9.4 9.4 9.4 24.6 0 33.9L246.6 467.3c-9.4 9.4-24.6 9.4-33.9 0l-22.2-22.2c-9.5-9.5-9.3-25 .4-34.3L311.4 296H24c-13.3 0-24-10.7-24-24v-32c0-13.3 10.7-24 24-24h287.4L190.9 101.2c-9.8-9.3-10-24.8-.4-34.3z\"><\/path><\/svg><\/span>\n\t\t<\/span>\n\n\t\t\t\t\t\t<\/summary>\n\t\t\t\t<div role=\"region\" aria-labelledby=\"e-n-accordion-item-14020\" class=\"elementor-element elementor-element-43945a2 e-flex e-con-boxed e-con e-child\" data-id=\"43945a2\" data-element_type=\"container\" data-e-type=\"container\" data-settings=\"{&quot;jet_parallax_layout_list&quot;:[]}\">\n\t\t\t\t\t<div class=\"e-con-inner\">\n\t\t<div role=\"region\" aria-labelledby=\"e-n-accordion-item-14020\" class=\"elementor-element elementor-element-5712cd7 e-con-full e-flex e-con e-child\" data-id=\"5712cd7\" data-element_type=\"container\" data-e-type=\"container\" data-settings=\"{&quot;jet_parallax_layout_list&quot;:[]}\">\n\t\t\t\t<div class=\"elementor-element elementor-element-31a3e1e elementor-widget elementor-widget-text-editor\" data-id=\"31a3e1e\" data-element_type=\"widget\" data-e-type=\"widget\" data-widget_type=\"text-editor.default\">\n\t\t\t\t<div class=\"elementor-widget-container\">\n\t\t\t\t\t\t\t\t\t<p>La Premier Padel llega a Rotterdam, Pa\u00edses Bajos, del 28 de septiembre al 4 de octubre de 2026. El evento se denomina oficialmente <strong data-start=\"5123\" data-end=\"5139\">Rotterdam P2<\/strong>. <\/p>\t\t\t\t\t\t\t\t<\/div>\n\t\t\t\t<\/div>\n\t\t\t\t<\/div>\n\t\t\t\t\t<\/div>\n\t\t\t\t<\/div>\n\t\t\t\t\t<\/details>\n\t\t\t\t\t\t<details id=\"e-n-accordion-item-14021\" class=\"e-n-accordion-item\" >\n\t\t\t\t<summary class=\"e-n-accordion-item-title\" data-accordion-index=\"22\" tabindex=\"-1\" aria-expanded=\"false\" aria-controls=\"e-n-accordion-item-14021\" >\n\t\t\t\t\t<span class='e-n-accordion-item-title-header'><h3 class=\"e-n-accordion-item-title-text\"> \u00bfCu\u00e1ndo se celebra la Premier Padel en Alemania en 2026? <\/h3><\/span>\n\t\t\t\t\t\t\t<span class='e-n-accordion-item-title-icon'>\n\t\t\t<span class='e-opened' ><svg aria-hidden=\"true\" class=\"e-font-icon-svg e-fas-compress-alt\" viewBox=\"0 0 448 512\" xmlns=\"http:\/\/www.w3.org\/2000\/svg\"><path d=\"M4.686 427.314L104 328l-32.922-31.029C55.958 281.851 66.666 256 88.048 256h112C213.303 256 224 266.745 224 280v112c0 21.382-25.803 32.09-40.922 16.971L152 376l-99.314 99.314c-6.248 6.248-16.379 6.248-22.627 0L4.686 449.941c-6.248-6.248-6.248-16.379 0-22.627zM443.314 84.686L344 184l32.922 31.029c15.12 15.12 4.412 40.971-16.97 40.971h-112C234.697 256 224 245.255 224 232V120c0-21.382 25.803-32.09 40.922-16.971L296 136l99.314-99.314c6.248-6.248 16.379-6.248 22.627 0l25.373 25.373c6.248 6.248 6.248 16.379 0 22.627z\"><\/path><\/svg><\/span>\n\t\t\t<span class='e-closed'><svg aria-hidden=\"true\" class=\"e-font-icon-svg e-fas-arrow-right\" viewBox=\"0 0 448 512\" xmlns=\"http:\/\/www.w3.org\/2000\/svg\"><path d=\"M190.5 66.9l22.2-22.2c9.4-9.4 24.6-9.4 33.9 0L441 239c9.4 9.4 9.4 24.6 0 33.9L246.6 467.3c-9.4 9.4-24.6 9.4-33.9 0l-22.2-22.2c-9.5-9.5-9.3-25 .4-34.3L311.4 296H24c-13.3 0-24-10.7-24-24v-32c0-13.3 10.7-24 24-24h287.4L190.9 101.2c-9.8-9.3-10-24.8-.4-34.3z\"><\/path><\/svg><\/span>\n\t\t<\/span>\n\n\t\t\t\t\t\t<\/summary>\n\t\t\t\t<div role=\"region\" aria-labelledby=\"e-n-accordion-item-14021\" class=\"elementor-element elementor-element-cb7694a e-flex e-con-boxed e-con e-child\" data-id=\"cb7694a\" data-element_type=\"container\" data-e-type=\"container\" data-settings=\"{&quot;jet_parallax_layout_list&quot;:[]}\">\n\t\t\t\t\t<div class=\"e-con-inner\">\n\t\t<div role=\"region\" aria-labelledby=\"e-n-accordion-item-14021\" class=\"elementor-element elementor-element-89b6888 e-con-full e-flex e-con e-child\" data-id=\"89b6888\" data-element_type=\"container\" data-e-type=\"container\" data-settings=\"{&quot;jet_parallax_layout_list&quot;:[]}\">\n\t\t\t\t<div class=\"elementor-element elementor-element-6a8bd43 elementor-widget elementor-widget-text-editor\" data-id=\"6a8bd43\" data-element_type=\"widget\" data-e-type=\"widget\" data-widget_type=\"text-editor.default\">\n\t\t\t\t<div class=\"elementor-widget-container\">\n\t\t\t\t\t\t\t\t\t<p>El torneo de Padel Premier de Alemania se celebra del 5 al 11 de octubre de 2026 y est\u00e1 catalogado oficialmente como el <strong data-start=\"5343\" data-end=\"5357\">P2 de Alemania<\/strong>.<\/p>\t\t\t\t\t\t\t\t<\/div>\n\t\t\t\t<\/div>\n\t\t\t\t<\/div>\n\t\t\t\t\t<\/div>\n\t\t\t\t<\/div>\n\t\t\t\t\t<\/details>\n\t\t\t\t\t\t<details id=\"e-n-accordion-item-14022\" class=\"e-n-accordion-item\" >\n\t\t\t\t<summary class=\"e-n-accordion-item-title\" data-accordion-index=\"23\" tabindex=\"-1\" aria-expanded=\"false\" aria-controls=\"e-n-accordion-item-14022\" >\n\t\t\t\t\t<span class='e-n-accordion-item-title-header'><h3 class=\"e-n-accordion-item-title-text\"> \u00bfCu\u00e1ndo se celebra el torneo Premier Padel Milan en 2026? <\/h3><\/span>\n\t\t\t\t\t\t\t<span class='e-n-accordion-item-title-icon'>\n\t\t\t<span class='e-opened' ><svg aria-hidden=\"true\" class=\"e-font-icon-svg e-fas-compress-alt\" viewBox=\"0 0 448 512\" xmlns=\"http:\/\/www.w3.org\/2000\/svg\"><path d=\"M4.686 427.314L104 328l-32.922-31.029C55.958 281.851 66.666 256 88.048 256h112C213.303 256 224 266.745 224 280v112c0 21.382-25.803 32.09-40.922 16.971L152 376l-99.314 99.314c-6.248 6.248-16.379 6.248-22.627 0L4.686 449.941c-6.248-6.248-6.248-16.379 0-22.627zM443.314 84.686L344 184l32.922 31.029c15.12 15.12 4.412 40.971-16.97 40.971h-112C234.697 256 224 245.255 224 232V120c0-21.382 25.803-32.09 40.922-16.971L296 136l99.314-99.314c6.248-6.248 16.379-6.248 22.627 0l25.373 25.373c6.248 6.248 6.248 16.379 0 22.627z\"><\/path><\/svg><\/span>\n\t\t\t<span class='e-closed'><svg aria-hidden=\"true\" class=\"e-font-icon-svg e-fas-arrow-right\" viewBox=\"0 0 448 512\" xmlns=\"http:\/\/www.w3.org\/2000\/svg\"><path d=\"M190.5 66.9l22.2-22.2c9.4-9.4 24.6-9.4 33.9 0L441 239c9.4 9.4 9.4 24.6 0 33.9L246.6 467.3c-9.4 9.4-24.6 9.4-33.9 0l-22.2-22.2c-9.5-9.5-9.3-25 .4-34.3L311.4 296H24c-13.3 0-24-10.7-24-24v-32c0-13.3 10.7-24 24-24h287.4L190.9 101.2c-9.8-9.3-10-24.8-.4-34.3z\"><\/path><\/svg><\/span>\n\t\t<\/span>\n\n\t\t\t\t\t\t<\/summary>\n\t\t\t\t<div role=\"region\" aria-labelledby=\"e-n-accordion-item-14022\" class=\"elementor-element elementor-element-d99c6e1 e-flex e-con-boxed e-con e-child\" data-id=\"d99c6e1\" data-element_type=\"container\" data-e-type=\"container\" data-settings=\"{&quot;jet_parallax_layout_list&quot;:[]}\">\n\t\t\t\t\t<div class=\"e-con-inner\">\n\t\t<div role=\"region\" aria-labelledby=\"e-n-accordion-item-14022\" class=\"elementor-element elementor-element-2e3f1fa e-con-full e-flex e-con e-child\" data-id=\"2e3f1fa\" data-element_type=\"container\" data-e-type=\"container\" data-settings=\"{&quot;jet_parallax_layout_list&quot;:[]}\">\n\t\t\t\t<div class=\"elementor-element elementor-element-affdba2 elementor-widget elementor-widget-text-editor\" data-id=\"affdba2\" data-element_type=\"widget\" data-e-type=\"widget\" data-widget_type=\"text-editor.default\">\n\t\t\t\t<div class=\"elementor-widget-container\">\n\t\t\t\t\t\t\t\t\t<p>La Premier Padel se celebrar\u00e1 en Mil\u00e1n, Italia, del 12 al 18 de octubre de 2026. El torneo se conoce como el <strong data-start=\"5563\" data-end=\"5575\">P1<\/strong> de <strong data-start=\"5563\" data-end=\"5575\">Mil\u00e1n<\/strong>. <\/p>\t\t\t\t\t\t\t\t<\/div>\n\t\t\t\t<\/div>\n\t\t\t\t<\/div>\n\t\t\t\t\t<\/div>\n\t\t\t\t<\/div>\n\t\t\t\t\t<\/details>\n\t\t\t\t\t\t<details id=\"e-n-accordion-item-14023\" class=\"e-n-accordion-item\" >\n\t\t\t\t<summary class=\"e-n-accordion-item-title\" data-accordion-index=\"24\" tabindex=\"-1\" aria-expanded=\"false\" aria-controls=\"e-n-accordion-item-14023\" >\n\t\t\t\t\t<span class='e-n-accordion-item-title-header'><h3 class=\"e-n-accordion-item-title-text\"> \u00bfCu\u00e1ndo visitar\u00e1 Kuwait Premier Padel en 2026? <\/h3><\/span>\n\t\t\t\t\t\t\t<span class='e-n-accordion-item-title-icon'>\n\t\t\t<span class='e-opened' ><svg aria-hidden=\"true\" class=\"e-font-icon-svg e-fas-compress-alt\" viewBox=\"0 0 448 512\" xmlns=\"http:\/\/www.w3.org\/2000\/svg\"><path d=\"M4.686 427.314L104 328l-32.922-31.029C55.958 281.851 66.666 256 88.048 256h112C213.303 256 224 266.745 224 280v112c0 21.382-25.803 32.09-40.922 16.971L152 376l-99.314 99.314c-6.248 6.248-16.379 6.248-22.627 0L4.686 449.941c-6.248-6.248-6.248-16.379 0-22.627zM443.314 84.686L344 184l32.922 31.029c15.12 15.12 4.412 40.971-16.97 40.971h-112C234.697 256 224 245.255 224 232V120c0-21.382 25.803-32.09 40.922-16.971L296 136l99.314-99.314c6.248-6.248 16.379-6.248 22.627 0l25.373 25.373c6.248 6.248 6.248 16.379 0 22.627z\"><\/path><\/svg><\/span>\n\t\t\t<span class='e-closed'><svg aria-hidden=\"true\" class=\"e-font-icon-svg e-fas-arrow-right\" viewBox=\"0 0 448 512\" xmlns=\"http:\/\/www.w3.org\/2000\/svg\"><path d=\"M190.5 66.9l22.2-22.2c9.4-9.4 24.6-9.4 33.9 0L441 239c9.4 9.4 9.4 24.6 0 33.9L246.6 467.3c-9.4 9.4-24.6 9.4-33.9 0l-22.2-22.2c-9.5-9.5-9.3-25 .4-34.3L311.4 296H24c-13.3 0-24-10.7-24-24v-32c0-13.3 10.7-24 24-24h287.4L190.9 101.2c-9.8-9.3-10-24.8-.4-34.3z\"><\/path><\/svg><\/span>\n\t\t<\/span>\n\n\t\t\t\t\t\t<\/summary>\n\t\t\t\t<div role=\"region\" aria-labelledby=\"e-n-accordion-item-14023\" class=\"elementor-element elementor-element-5d37d6d e-flex e-con-boxed e-con e-child\" data-id=\"5d37d6d\" data-element_type=\"container\" data-e-type=\"container\" data-settings=\"{&quot;jet_parallax_layout_list&quot;:[]}\">\n\t\t\t\t\t<div class=\"e-con-inner\">\n\t\t<div role=\"region\" aria-labelledby=\"e-n-accordion-item-14023\" class=\"elementor-element elementor-element-838ca59 e-con-full e-flex e-con e-child\" data-id=\"838ca59\" data-element_type=\"container\" data-e-type=\"container\" data-settings=\"{&quot;jet_parallax_layout_list&quot;:[]}\">\n\t\t\t\t<div class=\"elementor-element elementor-element-f1a9202 elementor-widget elementor-widget-text-editor\" data-id=\"f1a9202\" data-element_type=\"widget\" data-e-type=\"widget\" data-widget_type=\"text-editor.default\">\n\t\t\t\t<div class=\"elementor-widget-container\">\n\t\t\t\t\t\t\t\t\t<p>El Premier Padel Tour har\u00e1 escala en Kuwait del 26 al 31 de octubre de 2026. Este evento se denomina oficialmente <strong data-start=\"5774\" data-end=\"5787\">Kuwait P1<\/strong>. <\/p>\t\t\t\t\t\t\t\t<\/div>\n\t\t\t\t<\/div>\n\t\t\t\t<\/div>\n\t\t\t\t\t<\/div>\n\t\t\t\t<\/div>\n\t\t\t\t\t<\/details>\n\t\t\t\t\t\t<details id=\"e-n-accordion-item-14024\" class=\"e-n-accordion-item\" >\n\t\t\t\t<summary class=\"e-n-accordion-item-title\" data-accordion-index=\"25\" tabindex=\"-1\" aria-expanded=\"false\" aria-controls=\"e-n-accordion-item-14024\" >\n\t\t\t\t\t<span class='e-n-accordion-item-title-header'><h3 class=\"e-n-accordion-item-title-text\"> \u00bfCu\u00e1ndo se celebra la Copa del Mundo de la FIP en 2026? <\/h3><\/span>\n\t\t\t\t\t\t\t<span class='e-n-accordion-item-title-icon'>\n\t\t\t<span class='e-opened' ><svg aria-hidden=\"true\" class=\"e-font-icon-svg e-fas-compress-alt\" viewBox=\"0 0 448 512\" xmlns=\"http:\/\/www.w3.org\/2000\/svg\"><path d=\"M4.686 427.314L104 328l-32.922-31.029C55.958 281.851 66.666 256 88.048 256h112C213.303 256 224 266.745 224 280v112c0 21.382-25.803 32.09-40.922 16.971L152 376l-99.314 99.314c-6.248 6.248-16.379 6.248-22.627 0L4.686 449.941c-6.248-6.248-6.248-16.379 0-22.627zM443.314 84.686L344 184l32.922 31.029c15.12 15.12 4.412 40.971-16.97 40.971h-112C234.697 256 224 245.255 224 232V120c0-21.382 25.803-32.09 40.922-16.971L296 136l99.314-99.314c6.248-6.248 16.379-6.248 22.627 0l25.373 25.373c6.248 6.248 6.248 16.379 0 22.627z\"><\/path><\/svg><\/span>\n\t\t\t<span class='e-closed'><svg aria-hidden=\"true\" class=\"e-font-icon-svg e-fas-arrow-right\" viewBox=\"0 0 448 512\" xmlns=\"http:\/\/www.w3.org\/2000\/svg\"><path d=\"M190.5 66.9l22.2-22.2c9.4-9.4 24.6-9.4 33.9 0L441 239c9.4 9.4 9.4 24.6 0 33.9L246.6 467.3c-9.4 9.4-24.6 9.4-33.9 0l-22.2-22.2c-9.5-9.5-9.3-25 .4-34.3L311.4 296H24c-13.3 0-24-10.7-24-24v-32c0-13.3 10.7-24 24-24h287.4L190.9 101.2c-9.8-9.3-10-24.8-.4-34.3z\"><\/path><\/svg><\/span>\n\t\t<\/span>\n\n\t\t\t\t\t\t<\/summary>\n\t\t\t\t<div role=\"region\" aria-labelledby=\"e-n-accordion-item-14024\" class=\"elementor-element elementor-element-929be67 e-flex e-con-boxed e-con e-child\" data-id=\"929be67\" data-element_type=\"container\" data-e-type=\"container\" data-settings=\"{&quot;jet_parallax_layout_list&quot;:[]}\">\n\t\t\t\t\t<div class=\"e-con-inner\">\n\t\t<div role=\"region\" aria-labelledby=\"e-n-accordion-item-14024\" class=\"elementor-element elementor-element-49257d3 e-con-full e-flex e-con e-child\" data-id=\"49257d3\" data-element_type=\"container\" data-e-type=\"container\" data-settings=\"{&quot;jet_parallax_layout_list&quot;:[]}\">\n\t\t\t\t<div class=\"elementor-element elementor-element-7a971a2 elementor-widget elementor-widget-text-editor\" data-id=\"7a971a2\" data-element_type=\"widget\" data-e-type=\"widget\" data-widget_type=\"text-editor.default\">\n\t\t\t\t<div class=\"elementor-widget-container\">\n\t\t\t\t\t\t\t\t\t<p>La Copa del Mundo de la FIP se celebrar\u00e1 del 1 al 7 de noviembre de 2026 y en ella participar\u00e1n las mejores selecciones nacionales de p\u00e1del del mundo.<\/p>\t\t\t\t\t\t\t\t<\/div>\n\t\t\t\t<\/div>\n\t\t\t\t<\/div>\n\t\t\t\t\t<\/div>\n\t\t\t\t<\/div>\n\t\t\t\t\t<\/details>\n\t\t\t\t\t\t<details id=\"e-n-accordion-item-14025\" class=\"e-n-accordion-item\" >\n\t\t\t\t<summary class=\"e-n-accordion-item-title\" data-accordion-index=\"26\" tabindex=\"-1\" aria-expanded=\"false\" aria-controls=\"e-n-accordion-item-14025\" >\n\t\t\t\t\t<span class='e-n-accordion-item-title-header'><h3 class=\"e-n-accordion-item-title-text\"> \u00bfCu\u00e1ndo se celebra el torneo Premier Padel Dubai en 2026? <\/h3><\/span>\n\t\t\t\t\t\t\t<span class='e-n-accordion-item-title-icon'>\n\t\t\t<span class='e-opened' ><svg aria-hidden=\"true\" class=\"e-font-icon-svg e-fas-compress-alt\" viewBox=\"0 0 448 512\" xmlns=\"http:\/\/www.w3.org\/2000\/svg\"><path d=\"M4.686 427.314L104 328l-32.922-31.029C55.958 281.851 66.666 256 88.048 256h112C213.303 256 224 266.745 224 280v112c0 21.382-25.803 32.09-40.922 16.971L152 376l-99.314 99.314c-6.248 6.248-16.379 6.248-22.627 0L4.686 449.941c-6.248-6.248-6.248-16.379 0-22.627zM443.314 84.686L344 184l32.922 31.029c15.12 15.12 4.412 40.971-16.97 40.971h-112C234.697 256 224 245.255 224 232V120c0-21.382 25.803-32.09 40.922-16.971L296 136l99.314-99.314c6.248-6.248 16.379-6.248 22.627 0l25.373 25.373c6.248 6.248 6.248 16.379 0 22.627z\"><\/path><\/svg><\/span>\n\t\t\t<span class='e-closed'><svg aria-hidden=\"true\" class=\"e-font-icon-svg e-fas-arrow-right\" viewBox=\"0 0 448 512\" xmlns=\"http:\/\/www.w3.org\/2000\/svg\"><path d=\"M190.5 66.9l22.2-22.2c9.4-9.4 24.6-9.4 33.9 0L441 239c9.4 9.4 9.4 24.6 0 33.9L246.6 467.3c-9.4 9.4-24.6 9.4-33.9 0l-22.2-22.2c-9.5-9.5-9.3-25 .4-34.3L311.4 296H24c-13.3 0-24-10.7-24-24v-32c0-13.3 10.7-24 24-24h287.4L190.9 101.2c-9.8-9.3-10-24.8-.4-34.3z\"><\/path><\/svg><\/span>\n\t\t<\/span>\n\n\t\t\t\t\t\t<\/summary>\n\t\t\t\t<div role=\"region\" aria-labelledby=\"e-n-accordion-item-14025\" class=\"elementor-element elementor-element-0bbc44f e-flex e-con-boxed e-con e-child\" data-id=\"0bbc44f\" data-element_type=\"container\" data-e-type=\"container\" data-settings=\"{&quot;jet_parallax_layout_list&quot;:[]}\">\n\t\t\t\t\t<div class=\"e-con-inner\">\n\t\t<div role=\"region\" aria-labelledby=\"e-n-accordion-item-14025\" class=\"elementor-element elementor-element-4421fba e-con-full e-flex e-con e-child\" data-id=\"4421fba\" data-element_type=\"container\" data-e-type=\"container\" data-settings=\"{&quot;jet_parallax_layout_list&quot;:[]}\">\n\t\t\t\t<div class=\"elementor-element elementor-element-1b0eb16 elementor-widget elementor-widget-text-editor\" data-id=\"1b0eb16\" data-element_type=\"widget\" data-e-type=\"widget\" data-widget_type=\"text-editor.default\">\n\t\t\t\t<div class=\"elementor-widget-container\">\n\t\t\t\t\t\t\t\t\t<p>La Premier Padel vuelve a Dubai, EAU, del 9 al 15 de noviembre de 2026. El evento se denomina oficialmente <strong data-start=\"6183\" data-end=\"6195\">Dubai P1<\/strong>. <\/p>\t\t\t\t\t\t\t\t<\/div>\n\t\t\t\t<\/div>\n\t\t\t\t<\/div>\n\t\t\t\t\t<\/div>\n\t\t\t\t<\/div>\n\t\t\t\t\t<\/details>\n\t\t\t\t\t\t<details id=\"e-n-accordion-item-14026\" class=\"e-n-accordion-item\" >\n\t\t\t\t<summary class=\"e-n-accordion-item-title\" data-accordion-index=\"27\" tabindex=\"-1\" aria-expanded=\"false\" aria-controls=\"e-n-accordion-item-14026\" >\n\t\t\t\t\t<span class='e-n-accordion-item-title-header'><h3 class=\"e-n-accordion-item-title-text\"> \u00bfCu\u00e1ndo se celebra el Premier Padel M\u00e9xico Major en 2026? <\/h3><\/span>\n\t\t\t\t\t\t\t<span class='e-n-accordion-item-title-icon'>\n\t\t\t<span class='e-opened' ><svg aria-hidden=\"true\" class=\"e-font-icon-svg e-fas-compress-alt\" viewBox=\"0 0 448 512\" xmlns=\"http:\/\/www.w3.org\/2000\/svg\"><path d=\"M4.686 427.314L104 328l-32.922-31.029C55.958 281.851 66.666 256 88.048 256h112C213.303 256 224 266.745 224 280v112c0 21.382-25.803 32.09-40.922 16.971L152 376l-99.314 99.314c-6.248 6.248-16.379 6.248-22.627 0L4.686 449.941c-6.248-6.248-6.248-16.379 0-22.627zM443.314 84.686L344 184l32.922 31.029c15.12 15.12 4.412 40.971-16.97 40.971h-112C234.697 256 224 245.255 224 232V120c0-21.382 25.803-32.09 40.922-16.971L296 136l99.314-99.314c6.248-6.248 16.379-6.248 22.627 0l25.373 25.373c6.248 6.248 6.248 16.379 0 22.627z\"><\/path><\/svg><\/span>\n\t\t\t<span class='e-closed'><svg aria-hidden=\"true\" class=\"e-font-icon-svg e-fas-arrow-right\" viewBox=\"0 0 448 512\" xmlns=\"http:\/\/www.w3.org\/2000\/svg\"><path d=\"M190.5 66.9l22.2-22.2c9.4-9.4 24.6-9.4 33.9 0L441 239c9.4 9.4 9.4 24.6 0 33.9L246.6 467.3c-9.4 9.4-24.6 9.4-33.9 0l-22.2-22.2c-9.5-9.5-9.3-25 .4-34.3L311.4 296H24c-13.3 0-24-10.7-24-24v-32c0-13.3 10.7-24 24-24h287.4L190.9 101.2c-9.8-9.3-10-24.8-.4-34.3z\"><\/path><\/svg><\/span>\n\t\t<\/span>\n\n\t\t\t\t\t\t<\/summary>\n\t\t\t\t<div role=\"region\" aria-labelledby=\"e-n-accordion-item-14026\" class=\"elementor-element elementor-element-67f4375 e-flex e-con-boxed e-con e-child\" data-id=\"67f4375\" data-element_type=\"container\" data-e-type=\"container\" data-settings=\"{&quot;jet_parallax_layout_list&quot;:[]}\">\n\t\t\t\t\t<div class=\"e-con-inner\">\n\t\t<div role=\"region\" aria-labelledby=\"e-n-accordion-item-14026\" class=\"elementor-element elementor-element-8d39224 e-con-full e-flex e-con e-child\" data-id=\"8d39224\" data-element_type=\"container\" data-e-type=\"container\" data-settings=\"{&quot;jet_parallax_layout_list&quot;:[]}\">\n\t\t\t\t<div class=\"elementor-element elementor-element-ee4dffa elementor-widget elementor-widget-text-editor\" data-id=\"ee4dffa\" data-element_type=\"widget\" data-e-type=\"widget\" data-widget_type=\"text-editor.default\">\n\t\t\t\t<div class=\"elementor-widget-container\">\n\t\t\t\t\t\t\t\t\t<p>El Major de M\u00e9xico est\u00e1 programado del 23 al 29 de noviembre de 2026 y es uno de los \u00faltimos torneos Major de la temporada.<\/p>\t\t\t\t\t\t\t\t<\/div>\n\t\t\t\t<\/div>\n\t\t\t\t<\/div>\n\t\t\t\t\t<\/div>\n\t\t\t\t<\/div>\n\t\t\t\t\t<\/details>\n\t\t\t\t\t\t<details id=\"e-n-accordion-item-14027\" class=\"e-n-accordion-item\" >\n\t\t\t\t<summary class=\"e-n-accordion-item-title\" data-accordion-index=\"28\" tabindex=\"-1\" aria-expanded=\"false\" aria-controls=\"e-n-accordion-item-14027\" >\n\t\t\t\t\t<span class='e-n-accordion-item-title-header'><h3 class=\"e-n-accordion-item-title-text\"> \u00bfCu\u00e1ndo se celebra la Premier Padel Finals en Barcelona en 2026? <\/h3><\/span>\n\t\t\t\t\t\t\t<span class='e-n-accordion-item-title-icon'>\n\t\t\t<span class='e-opened' ><svg aria-hidden=\"true\" class=\"e-font-icon-svg e-fas-compress-alt\" viewBox=\"0 0 448 512\" xmlns=\"http:\/\/www.w3.org\/2000\/svg\"><path d=\"M4.686 427.314L104 328l-32.922-31.029C55.958 281.851 66.666 256 88.048 256h112C213.303 256 224 266.745 224 280v112c0 21.382-25.803 32.09-40.922 16.971L152 376l-99.314 99.314c-6.248 6.248-16.379 6.248-22.627 0L4.686 449.941c-6.248-6.248-6.248-16.379 0-22.627zM443.314 84.686L344 184l32.922 31.029c15.12 15.12 4.412 40.971-16.97 40.971h-112C234.697 256 224 245.255 224 232V120c0-21.382 25.803-32.09 40.922-16.971L296 136l99.314-99.314c6.248-6.248 16.379-6.248 22.627 0l25.373 25.373c6.248 6.248 6.248 16.379 0 22.627z\"><\/path><\/svg><\/span>\n\t\t\t<span class='e-closed'><svg aria-hidden=\"true\" class=\"e-font-icon-svg e-fas-arrow-right\" viewBox=\"0 0 448 512\" xmlns=\"http:\/\/www.w3.org\/2000\/svg\"><path d=\"M190.5 66.9l22.2-22.2c9.4-9.4 24.6-9.4 33.9 0L441 239c9.4 9.4 9.4 24.6 0 33.9L246.6 467.3c-9.4 9.4-24.6 9.4-33.9 0l-22.2-22.2c-9.5-9.5-9.3-25 .4-34.3L311.4 296H24c-13.3 0-24-10.7-24-24v-32c0-13.3 10.7-24 24-24h287.4L190.9 101.2c-9.8-9.3-10-24.8-.4-34.3z\"><\/path><\/svg><\/span>\n\t\t<\/span>\n\n\t\t\t\t\t\t<\/summary>\n\t\t\t\t<div role=\"region\" aria-labelledby=\"e-n-accordion-item-14027\" class=\"elementor-element elementor-element-2c983fd e-flex e-con-boxed e-con e-child\" data-id=\"2c983fd\" data-element_type=\"container\" data-e-type=\"container\" data-settings=\"{&quot;jet_parallax_layout_list&quot;:[]}\">\n\t\t\t\t\t<div class=\"e-con-inner\">\n\t\t<div role=\"region\" aria-labelledby=\"e-n-accordion-item-14027\" class=\"elementor-element elementor-element-448b070 e-con-full e-flex e-con e-child\" data-id=\"448b070\" data-element_type=\"container\" data-e-type=\"container\" data-settings=\"{&quot;jet_parallax_layout_list&quot;:[]}\">\n\t\t\t\t<div class=\"elementor-element elementor-element-3c8c62a elementor-widget elementor-widget-text-editor\" data-id=\"3c8c62a\" data-element_type=\"widget\" data-e-type=\"widget\" data-widget_type=\"text-editor.default\">\n\t\t\t\t<div class=\"elementor-widget-container\">\n\t\t\t\t\t\t\t\t\t<p>El Premier Padel Finals se celebrar\u00e1 en Barcelona del 7 al 13 de diciembre de 2026, cerrando la temporada con los jugadores mejor clasificados del mundo.<\/p>\t\t\t\t\t\t\t\t<\/div>\n\t\t\t\t<\/div>\n\t\t\t\t<\/div>\n\t\t\t\t\t<\/div>\n\t\t\t\t<\/div>\n\t\t\t\t\t<\/details>\n\t\t\t\t\t<\/div>\n\t\t\t\t\t\t<\/div>\n\t\t\t\t<\/div>\n\t\t\t\t<div class=\"elementor-element elementor-element-d14b7d2 elementor-widget elementor-widget-heading\" data-id=\"d14b7d2\" data-element_type=\"widget\" data-e-type=\"widget\" data-widget_type=\"heading.default\">\n\t\t\t\t<div class=\"elementor-widget-container\">\n\t\t\t\t\t<span class=\"elementor-heading-title elementor-size-default\">Comparte el post:<\/span>\t\t\t\t<\/div>\n\t\t\t\t<\/div>\n\t\t\t\t<div class=\"elementor-element elementor-element-dbc1ef6 elementor-share-buttons--view-icon elementor-share-buttons--skin-minimal elementor-share-buttons--color-custom elementor-widget__width-inherit elementor-share-buttons--shape-rounded elementor-grid-0 elementor-widget elementor-widget-share-buttons\" data-id=\"dbc1ef6\" data-element_type=\"widget\" data-e-type=\"widget\" data-widget_type=\"share-buttons.default\">\n\t\t\t\t<div class=\"elementor-widget-container\">\n\t\t\t\t\t\t\t<div class=\"elementor-grid\" role=\"list\">\n\t\t\t\t\t\t\t\t<div class=\"elementor-grid-item\" role=\"listitem\">\n\t\t\t\t\t\t<div class=\"elementor-share-btn elementor-share-btn_linkedin\" role=\"button\" tabindex=\"0\" aria-label=\"Compartir en linkedin\">\n\t\t\t\t\t\t\t\t\t\t\t\t\t\t\t<span class=\"elementor-share-btn__icon\">\n\t\t\t\t\t\t\t\t<svg aria-hidden=\"true\" class=\"e-font-icon-svg e-fab-linkedin\" viewBox=\"0 0 448 512\" xmlns=\"http:\/\/www.w3.org\/2000\/svg\"><path d=\"M416 32H31.9C14.3 32 0 46.5 0 64.3v383.4C0 465.5 14.3 480 31.9 480H416c17.6 0 32-14.5 32-32.3V64.3c0-17.8-14.4-32.3-32-32.3zM135.4 416H69V202.2h66.5V416zm-33.2-243c-21.3 0-38.5-17.3-38.5-38.5S80.9 96 102.2 96c21.2 0 38.5 17.3 38.5 38.5 0 21.3-17.2 38.5-38.5 38.5zm282.1 243h-66.4V312c0-24.8-.5-56.7-34.5-56.7-34.6 0-39.9 27-39.9 54.9V416h-66.4V202.2h63.7v29.2h.9c8.9-16.8 30.6-34.5 62.9-34.5 67.2 0 79.7 44.3 79.7 101.9V416z\"><\/path><\/svg>\t\t\t\t\t\t\t<\/span>\n\t\t\t\t\t\t\t\t\t\t\t\t\t\t\t\t\t\t\t\t<\/div>\n\t\t\t\t\t<\/div>\n\t\t\t\t\t\t\t\t\t<div class=\"elementor-grid-item\" role=\"listitem\">\n\t\t\t\t\t\t<div class=\"elementor-share-btn elementor-share-btn_whatsapp\" role=\"button\" tabindex=\"0\" aria-label=\"Compartir en whatsapp\">\n\t\t\t\t\t\t\t\t\t\t\t\t\t\t\t<span class=\"elementor-share-btn__icon\">\n\t\t\t\t\t\t\t\t<svg aria-hidden=\"true\" class=\"e-font-icon-svg e-fab-whatsapp\" viewBox=\"0 0 448 512\" xmlns=\"http:\/\/www.w3.org\/2000\/svg\"><path d=\"M380.9 97.1C339 55.1 283.2 32 223.9 32c-122.4 0-222 99.6-222 222 0 39.1 10.2 77.3 29.6 111L0 480l117.7-30.9c32.4 17.7 68.9 27 106.1 27h.1c122.3 0 224.1-99.6 224.1-222 0-59.3-25.2-115-67.1-157zm-157 341.6c-33.2 0-65.7-8.9-94-25.7l-6.7-4-69.8 18.3L72 359.2l-4.4-7c-18.5-29.4-28.2-63.3-28.2-98.2 0-101.7 82.8-184.5 184.6-184.5 49.3 0 95.6 19.2 130.4 54.1 34.8 34.9 56.2 81.2 56.1 130.5 0 101.8-84.9 184.6-186.6 184.6zm101.2-138.2c-5.5-2.8-32.8-16.2-37.9-18-5.1-1.9-8.8-2.8-12.5 2.8-3.7 5.6-14.3 18-17.6 21.8-3.2 3.7-6.5 4.2-12 1.4-32.6-16.3-54-29.1-75.5-66-5.7-9.8 5.7-9.1 16.3-30.3 1.8-3.7.9-6.9-.5-9.7-1.4-2.8-12.5-30.1-17.1-41.2-4.5-10.8-9.1-9.3-12.5-9.5-3.2-.2-6.9-.2-10.6-.2-3.7 0-9.7 1.4-14.8 6.9-5.1 5.6-19.4 19-19.4 46.3 0 27.3 19.9 53.7 22.6 57.4 2.8 3.7 39.1 59.7 94.8 83.8 35.2 15.2 49 16.5 66.6 13.9 10.7-1.6 32.8-13.4 37.4-26.4 4.6-13 4.6-24.1 3.2-26.4-1.3-2.5-5-3.9-10.5-6.6z\"><\/path><\/svg>\t\t\t\t\t\t\t<\/span>\n\t\t\t\t\t\t\t\t\t\t\t\t\t\t\t\t\t\t\t\t<\/div>\n\t\t\t\t\t<\/div>\n\t\t\t\t\t\t\t\t\t<div class=\"elementor-grid-item\" role=\"listitem\">\n\t\t\t\t\t\t<div class=\"elementor-share-btn elementor-share-btn_facebook\" role=\"button\" tabindex=\"0\" aria-label=\"Compartir en facebook\">\n\t\t\t\t\t\t\t\t\t\t\t\t\t\t\t<span class=\"elementor-share-btn__icon\">\n\t\t\t\t\t\t\t\t<svg aria-hidden=\"true\" class=\"e-font-icon-svg e-fab-facebook\" viewBox=\"0 0 512 512\" xmlns=\"http:\/\/www.w3.org\/2000\/svg\"><path d=\"M504 256C504 119 393 8 256 8S8 119 8 256c0 123.78 90.69 226.38 209.25 245V327.69h-63V256h63v-54.64c0-62.15 37-96.48 93.67-96.48 27.14 0 55.52 4.84 55.52 4.84v61h-31.28c-30.8 0-40.41 19.12-40.41 38.73V256h68.78l-11 71.69h-57.78V501C413.31 482.38 504 379.78 504 256z\"><\/path><\/svg>\t\t\t\t\t\t\t<\/span>\n\t\t\t\t\t\t\t\t\t\t\t\t\t\t\t\t\t\t\t\t<\/div>\n\t\t\t\t\t<\/div>\n\t\t\t\t\t\t\t\t\t<div class=\"elementor-grid-item\" role=\"listitem\">\n\t\t\t\t\t\t<div class=\"elementor-share-btn elementor-share-btn_email\" role=\"button\" tabindex=\"0\" aria-label=\"Compartir en email\">\n\t\t\t\t\t\t\t\t\t\t\t\t\t\t\t<span class=\"elementor-share-btn__icon\">\n\t\t\t\t\t\t\t\t<svg aria-hidden=\"true\" class=\"e-font-icon-svg e-fas-envelope\" viewBox=\"0 0 512 512\" xmlns=\"http:\/\/www.w3.org\/2000\/svg\"><path d=\"M502.3 190.8c3.9-3.1 9.7-.2 9.7 4.7V400c0 26.5-21.5 48-48 48H48c-26.5 0-48-21.5-48-48V195.6c0-5 5.7-7.8 9.7-4.7 22.4 17.4 52.1 39.5 154.1 113.6 21.1 15.4 56.7 47.8 92.2 47.6 35.7.3 72-32.8 92.3-47.6 102-74.1 131.6-96.3 154-113.7zM256 320c23.2.4 56.6-29.2 73.4-41.4 132.7-96.3 142.8-104.7 173.4-128.7 5.8-4.5 9.2-11.5 9.2-18.9v-19c0-26.5-21.5-48-48-48H48C21.5 64 0 85.5 0 112v19c0 7.4 3.4 14.3 9.2 18.9 30.6 23.9 40.7 32.4 173.4 128.7 16.8 12.2 50.2 41.8 73.4 41.4z\"><\/path><\/svg>\t\t\t\t\t\t\t<\/span>\n\t\t\t\t\t\t\t\t\t\t\t\t\t\t\t\t\t\t\t\t<\/div>\n\t\t\t\t\t<\/div>\n\t\t\t\t\t\t<\/div>\n\t\t\t\t\t\t<\/div>\n\t\t\t\t<\/div>\n\t\t\t\t\t<\/div>\n\t\t\t\t<\/div>\n\t\t\t\t<\/div>\n\t\t","protected":false},"excerpt":{"rendered":"<p>El calendario de la Premier Padel para 2026 Pa\u00eds Torneo Fechas Arabia Saud\u00ed Riad Temporada P1 9 &#8211; 14 de febrero Espa\u00f1a Gij\u00f3n P2 Del 2 al 8 de marzo M\u00e9xico Canc\u00fan P2 Del 16 al 22 de marzo EE.UU. Miami P1 23 &#8211; 29 de marzo Qatar Qatar Mayor *Postponed Egipto Newgiza P2 Del [&hellip;]<\/p>\n","protected":false},"author":1,"featured_media":7979,"parent":0,"menu_order":0,"comment_status":"closed","ping_status":"closed","template":"","meta":{"_acf_changed":false,"_wp_convertkit_post_meta":{"form":"-1","landing_page":"0","tag":"0","restrict_content":"0"},"footnotes":""},"class_list":["post-7980","page","type-page","status-publish","has-post-thumbnail","hentry"],"acf":[],"_links":{"self":[{"href":"https:\/\/www.worldpadelnetwork.com\/es\/wp-json\/wp\/v2\/pages\/7980","targetHints":{"allow":["GET"]}}],"collection":[{"href":"https:\/\/www.worldpadelnetwork.com\/es\/wp-json\/wp\/v2\/pages"}],"about":[{"href":"https:\/\/www.worldpadelnetwork.com\/es\/wp-json\/wp\/v2\/types\/page"}],"author":[{"embeddable":true,"href":"https:\/\/www.worldpadelnetwork.com\/es\/wp-json\/wp\/v2\/users\/1"}],"replies":[{"embeddable":true,"href":"https:\/\/www.worldpadelnetwork.com\/es\/wp-json\/wp\/v2\/comments?post=7980"}],"version-history":[{"count":0,"href":"https:\/\/www.worldpadelnetwork.com\/es\/wp-json\/wp\/v2\/pages\/7980\/revisions"}],"wp:featuredmedia":[{"embeddable":true,"href":"https:\/\/www.worldpadelnetwork.com\/es\/wp-json\/wp\/v2\/media\/7979"}],"wp:attachment":[{"href":"https:\/\/www.worldpadelnetwork.com\/es\/wp-json\/wp\/v2\/media?parent=7980"}],"curies":[{"name":"wp","href":"https:\/\/api.w.org\/{rel}","templated":true}]}}